{"id":13389,"date":"2023-06-20T12:58:10","date_gmt":"2023-06-20T10:58:10","guid":{"rendered":"https:\/\/content.www.institutomaxilofacial.com\/es\/?page_id=13389"},"modified":"2026-02-17T10:34:34","modified_gmt":"2026-02-17T08:34:34","slug":"barcelona-intensive-course-in-orthofacial-surgery","status":"publish","type":"page","link":"https:\/\/content.www.institutomaxilofacial.com\/ca\/barcelona-intensive-course-in-orthofacial-surgery\/","title":{"rendered":"BARCELONA INTENSIVE COURSE IN ORTHOFACIAL SURGERY"},"content":{"rendered":"<p class=\"qtranxs-available-languages-message qtranxs-available-languages-message-ca\">Perdona, per\u00f2 aquesta entrada nom\u00e9s est\u00e0 disponible en <a href=\"https:\/\/content.www.institutomaxilofacial.com\/es\/wp-json\/wp\/v2\/pages\/13389\" class=\"qtranxs-available-language-link qtranxs-available-language-link-es\" title=\"Espa\u00f1ol\">Espa\u00f1ol<\/a>.<\/p>","protected":false},"excerpt":{"rendered":"<p>Perdona, per\u00f2 aquesta entrada nom\u00e9s est\u00e0 disponible en Espa\u00f1ol.<\/p>\n","protected":false},"author":17,"featured_media":0,"parent":0,"menu_order":0,"comment_status":"closed","ping_status":"closed","template":"template-modular.php","meta":{"footnotes":""},"class_list":["post-13389","page","type-page","status-publish","hentry"],"yoast_head":"<!-- This site is optimized with the Yoast SEO plugin v27.4 - https:\/\/yoast.com\/product\/yoast-seo-wordpress\/ -->\n<title>BARCELONA INTENSIVE COURSE IN ORTHOFACIAL SURGERY - Instituto Maxilofacial<\/title>\n<meta name=\"description\" content=\"First edition of the Barcelona Intensive Course in Orthofacial Surgery, to be held from 14th to 17th of November, 2023.\" \/>\n<meta name=\"robots\" content=\"index, follow, max-snippet:-1, max-image-preview:large, max-video-preview:-1\" \/>\n<link rel=\"canonical\" href=\"https:\/\/content.www.institutomaxilofacial.com\/ca\/wp-json\/wp\/v2\/pages\/13389\/\" \/>\n<meta property=\"og:locale\" content=\"ca_ES\" \/>\n<meta property=\"og:type\" content=\"article\" \/>\n<meta property=\"og:title\" content=\"BARCELONA INTENSIVE COURSE IN ORTHOFACIAL SURGERY - Instituto Maxilofacial\" \/>\n<meta property=\"og:description\" content=\"{:es}First edition of the Barcelona Intensive Course in Orthofacial Surgery, to be held from 14th to 17th of November, 2023.{:}\" \/>\n<meta property=\"og:url\" content=\"https:\/\/content.www.institutomaxilofacial.com\/es\/barcelona-intensive-course-in-orthofacial-surgery\/\" \/>\n<meta property=\"og:site_name\" content=\"Instituto Maxilofacial\" \/>\n<meta property=\"article:modified_time\" content=\"2026-02-17T08:34:34+00:00\" \/>\n<meta name=\"twitter:card\" content=\"summary_large_image\" \/>\n<script type=\"application\/ld+json\" class=\"yoast-schema-graph\">{\"@context\":\"https:\\\/\\\/schema.org\",\"@graph\":[{\"@type\":\"WebPage\",\"@id\":\"https:\\\/\\\/content.www.institutomaxilofacial.com\\\/es\\\/barcelona-intensive-course-in-orthofacial-surgery\\\/\",\"url\":\"https:\\\/\\\/content.www.institutomaxilofacial.com\\\/es\\\/barcelona-intensive-course-in-orthofacial-surgery\\\/\",\"name\":\"BARCELONA INTENSIVE COURSE IN ORTHOFACIAL SURGERY - Instituto Maxilofacial\",\"isPartOf\":{\"@id\":\"https:\\\/\\\/content.www.institutomaxilofacial.com\\\/ca\\\/#website\"},\"datePublished\":\"2023-06-20T10:58:10+00:00\",\"dateModified\":\"2026-02-17T08:34:34+00:00\",\"description\":\"{:es}First edition of the Barcelona Intensive Course in Orthofacial Surgery, to be held from 14th to 17th of November, 2023.{:}\",\"breadcrumb\":{\"@id\":\"https:\\\/\\\/content.www.institutomaxilofacial.com\\\/es\\\/barcelona-intensive-course-in-orthofacial-surgery\\\/#breadcrumb\"},\"inLanguage\":\"ca-ES\",\"potentialAction\":[{\"@type\":\"ReadAction\",\"target\":[\"https:\\\/\\\/content.www.institutomaxilofacial.com\\\/es\\\/barcelona-intensive-course-in-orthofacial-surgery\\\/\"]}]},{\"@type\":\"BreadcrumbList\",\"@id\":\"https:\\\/\\\/content.www.institutomaxilofacial.com\\\/es\\\/barcelona-intensive-course-in-orthofacial-surgery\\\/#breadcrumb\",\"itemListElement\":[{\"@type\":\"ListItem\",\"position\":1,\"name\":\"Portada\",\"item\":\"https:\\\/\\\/content.www.institutomaxilofacial.com\\\/es\\\/\"},{\"@type\":\"ListItem\",\"position\":2,\"name\":\"BARCELONA INTENSIVE COURSE IN ORTHOFACIAL SURGERY\"}]},{\"@type\":\"WebSite\",\"@id\":\"https:\\\/\\\/content.www.institutomaxilofacial.com\\\/ca\\\/#website\",\"url\":\"https:\\\/\\\/content.www.institutomaxilofacial.com\\\/ca\\\/\",\"name\":\"Instituto Maxilofacial\",\"description\":\"Experts en Cirurgia Oral i Maxil\u00b7lofacial. Precisi\u00f3, experi\u00e8ncia i passi\u00f3 per la innovaci\u00f3\",\"potentialAction\":[{\"@type\":\"SearchAction\",\"target\":{\"@type\":\"EntryPoint\",\"urlTemplate\":\"https:\\\/\\\/content.www.institutomaxilofacial.com\\\/ca\\\/?s={search_term_string}\"},\"query-input\":{\"@type\":\"PropertyValueSpecification\",\"valueRequired\":true,\"valueName\":\"search_term_string\"}}],\"inLanguage\":\"ca-ES\"}]}<\/script>\n<!-- \/ Yoast SEO plugin. -->","yoast_head_json":{"title":"BARCELONA INTENSIVE COURSE IN ORTHOFACIAL SURGERY - Instituto Maxilofacial","description":"First edition of the Barcelona Intensive Course in Orthofacial Surgery, to be held from 14th to 17th of November, 2023.","robots":{"index":"index","follow":"follow","max-snippet":"max-snippet:-1","max-image-preview":"max-image-preview:large","max-video-preview":"max-video-preview:-1"},"canonical":"https:\/\/content.www.institutomaxilofacial.com\/ca\/wp-json\/wp\/v2\/pages\/13389\/","og_locale":"ca_ES","og_type":"article","og_title":"BARCELONA INTENSIVE COURSE IN ORTHOFACIAL SURGERY - Instituto Maxilofacial","og_description":"{:es}First edition of the Barcelona Intensive Course in Orthofacial Surgery, to be held from 14th to 17th of November, 2023.{:}","og_url":"https:\/\/content.www.institutomaxilofacial.com\/es\/barcelona-intensive-course-in-orthofacial-surgery\/","og_site_name":"Instituto Maxilofacial","article_modified_time":"2026-02-17T08:34:34+00:00","twitter_card":"summary_large_image","schema":{"@context":"https:\/\/schema.org","@graph":[{"@type":"WebPage","@id":"https:\/\/content.www.institutomaxilofacial.com\/es\/barcelona-intensive-course-in-orthofacial-surgery\/","url":"https:\/\/content.www.institutomaxilofacial.com\/es\/barcelona-intensive-course-in-orthofacial-surgery\/","name":"BARCELONA INTENSIVE COURSE IN ORTHOFACIAL SURGERY - Instituto Maxilofacial","isPartOf":{"@id":"https:\/\/content.www.institutomaxilofacial.com\/ca\/#website"},"datePublished":"2023-06-20T10:58:10+00:00","dateModified":"2026-02-17T08:34:34+00:00","description":"{:es}First edition of the Barcelona Intensive Course in Orthofacial Surgery, to be held from 14th to 17th of November, 2023.{:}","breadcrumb":{"@id":"https:\/\/content.www.institutomaxilofacial.com\/es\/barcelona-intensive-course-in-orthofacial-surgery\/#breadcrumb"},"inLanguage":"ca-ES","potentialAction":[{"@type":"ReadAction","target":["https:\/\/content.www.institutomaxilofacial.com\/es\/barcelona-intensive-course-in-orthofacial-surgery\/"]}]},{"@type":"BreadcrumbList","@id":"https:\/\/content.www.institutomaxilofacial.com\/es\/barcelona-intensive-course-in-orthofacial-surgery\/#breadcrumb","itemListElement":[{"@type":"ListItem","position":1,"name":"Portada","item":"https:\/\/content.www.institutomaxilofacial.com\/es\/"},{"@type":"ListItem","position":2,"name":"BARCELONA INTENSIVE COURSE IN ORTHOFACIAL SURGERY"}]},{"@type":"WebSite","@id":"https:\/\/content.www.institutomaxilofacial.com\/ca\/#website","url":"https:\/\/content.www.institutomaxilofacial.com\/ca\/","name":"Instituto Maxilofacial","description":"Experts en Cirurgia Oral i Maxil\u00b7lofacial. Precisi\u00f3, experi\u00e8ncia i passi\u00f3 per la innovaci\u00f3","potentialAction":[{"@type":"SearchAction","target":{"@type":"EntryPoint","urlTemplate":"https:\/\/content.www.institutomaxilofacial.com\/ca\/?s={search_term_string}"},"query-input":{"@type":"PropertyValueSpecification","valueRequired":true,"valueName":"search_term_string"}}],"inLanguage":"ca-ES"}]}},"meta_box":{"caso-clinico-taxonomy":[],"caso-clinico-casos":[],"categoria-home-header-title":"","categoria-home-header-image":[],"categoria-home-intro-text":"","cta-cita-title":"","cta-cita-text":"","cta-cita-button-text":"","cta-cita-button-link":"","cta-cita-button-link-external":"","cta-cita-image":[],"cta-cita-image-mobile":[],"categoria-page-info-title":"","categoria-page-info-image":[],"categoria-page-header-title":"","categoria-page-header-image":[],"categoria-page-intro-text":"","categoria-page-intro-image":[],"categoria-page-intro-image-mobile":[],"categoria-page-intro-image-position":"","categoria-page-intro-image-position-mobile":"","categoria-page-intro-content":"","categoria-page-intro-highlights":[],"categoria-page-blocks":[],"categoria-page-benefits-active":"","categoria-page-benefits-title":"","categoria-page-benefits-text":"","categoria-page-benefits-image":[],"categoria-page-benefits-image-mobile":[],"categoria-page-button-text":"","categoria-page-button-link":"","categoria-page-button-link-external":"","categoria-page-cta1-title":"","categoria-page-cta1-text":"","categoria-page-cta1-button-text":"","categoria-page-cta1-button-link":"","categoria-page-cta2-title":"","categoria-page-cta2-text":"","categoria-page-cta2-button-text":"","categoria-page-cta2-button-link":"","contacto-name":"","contacto-address":"","contacto-tlf":"","contacto-fax":"","contacto-image":[],"contacto-lat":"","contacto-lng":"","contacto-map-zoom":"","contacto-map-lat":"","contacto-map-lng":"","contacto-form":"","faqs-taxonomy":[],"estetica-home-header-title":"","estetica-home-header-image":[],"estetica-home-intro-title":"","estetica-home-intro-text":"","estetica-home-cirugia-title":"","estetica-home-medicina-title":"","estetica-home-descubre-title":"","estetica-home-descubre-text":"","estetica-home-descubre-image":[],"estetica-home-descubre-background":[],"estetica-home-descubre-background-mobile":[],"estetica-home-cta1-title":"","estetica-home-cta1-text":"","estetica-home-cta1-button-text":"","estetica-home-cta1-button-link":"","estetica-home-cta1-image":[],"estetica-home-cta2-title":"","estetica-home-cta2-text":"","estetica-home-cta2-button-text":"","estetica-home-cta2-button-link":"","estetica-home-cta2-image":[],"estetica-home-posts-title":"","estetica-home-posts-button-text":"","estetica-home-faq-title":"","estetica-home-faqs":[],"estetica-home-faq-button-text":"","estetica-home-faq-button-link":"","stetik-iframe-url":"","interior-show-breadcrumb":"","interior-header-title":"","interior-header-image":[],"interior-blocks":[],"is-stetik-studio":"no","stetik-team-header-title":"","stetik-team-header-image":[],"stetik-team-intro-text":"","stetik-team-team-title":"","stetik-team-team-professional":[],"video-consulta-text":"","video-consulta-form":"","voz-experto-taxonomy":[],"landing-apnea-header-title":"","landing-apnea-header-subtitle":"","landing-apnea-header-image":[],"landing-apnea-header-pide-cita":"","landing-apnea-header-typeform":"","landing-apnea-blocks":[],"landing-apnea-intro-title":"","landing-apnea-intro-text":"","landing-apnea-highlight-items":[],"landing-apnea-blocks-2":[],"landing-apnea-testimonials-title":"","landing-apnea-testimonials-text":"","landing-apnea-testimonials-videos":[],"landing-apnea-hero-text":"","landing-apnea-faq-title":"","landing-apnea-faqs":[],"landing-apnea-prefooter-text":"","landing-apnea-prefooter-nota":"","redirect-page":"","shortcodeform-code":"","redirect-page-es":"","redirect-page-en":"","redirect-page-ca":"","login-page-need":"0","login-page":"","eh-cover-image":[],"eh-cover-image-mobile":[],"eh-cover-title":"","eh-cover-subtitle":"","eh-cover-text":"","eh-cover-btn1-text":"","eh-cover-btn1-page-id":"","eh-cover-btn2-text":"","eh-cover-btn2-video-files":[],"eh-specs-main-title":"","eh-specs":[],"eh-icons-reduced-section":"","eh-icons-1":[],"eh-patients-title":"","eh-patients":[],"eh-patients-nopic-title":"","eh-patients-nopic":[],"eh-video-title":"","eh-video":[],"eh-icons-2-reduced-section":"","eh-icons-2":[],"contact-zoom":"","contact-center":[],"contact-data-left-title":"","contact-data-left-content":"","contact-lat":"","contact-long":"","contact-bubble":"","contact-title-form":"","contact-text-form":"","contact-shortcode-form":"","contact-title-widget":"","contact-text-widget":"","contact-shortcode-widget":"","page-header":[{"width":2397,"height":617,"file":"2023\/06\/banner-header.jpg","filesize":728061,"sizes":{"medium":{"file":"banner-header-530x136.jpg","width":"530","height":"136","mime-type":"image\/jpeg","filesize":"42145"},"large":{"file":"banner-header-1125x290.jpg","width":"1125","height":"290","mime-type":"image\/jpeg","filesize":"123792"},"thumbnail":{"file":"banner-header-335x200.jpg","width":"335","height":"200","mime-type":"image\/jpeg","filesize":"38311"},"1536x1536":{"file":"banner-header-1536x395.jpg","width":"1536","height":"395","mime-type":"image\/jpeg","filesize":"201226"},"2048x2048":{"file":"banner-header-2048x527.jpg","width":"2048","height":"527","mime-type":"image\/jpeg","filesize":"322006"},"thumbnail_custom":{"file":"banner-header-200x51.jpg","width":"200","height":"51","mime-type":"image\/jpeg","filesize":"17955"},"box_thumb":{"file":"banner-header-300x200.jpg","width":"300","height":"200","mime-type":"image\/jpeg","filesize":"36775"},"post_thumb":{"file":"banner-header-600x400.jpg","width":"600","height":"400","mime-type":"image\/jpeg","filesize":"97065"},"logo_footer":{"file":"banner-header-125x32.jpg","width":"125","height":"32","mime-type":"image\/jpeg","filesize":"14606"},"blue_image":{"file":"banner-header-1500x617.jpg","width":"1500","height":"617","mime-type":"image\/jpeg","filesize":"284077"},"slider":{"file":"banner-header-1000x350.jpg","width":"1000","height":"350","mime-type":"image\/jpeg","filesize":"122354"}},"image_meta":{"aperture":"0","credit":"NACHO_URBON","camera":"","caption":"industrial-retrato-directivos-fotografo-nacho_urbon-profesionales-corporativos","created_timestamp":"1532596807","copyright":"nachourbon","focal_length":"0","iso":"0","shutter_speed":"0","title":"Nacho_urbon fotografo","orientation":"1","keywords":["banco de imagen","banco_imagen","corporativa","corporativo","directivo","directivos","ejecutivos","espa\u00f1a","farcinox","foto","fotografia","industrial","maxilofacial","nachourbon","profesional","profesional retratos","retrato","teknon"]},"ID":"13390","name":"banner-header.jpg","path":"\/var\/www\/vhosts\/prod\/content.www.institutomaxilofacial.com\/wp-content\/uploads\/2023\/06\/banner-header.jpg","url":"https:\/\/content.www.institutomaxilofacial.com\/wp-content\/uploads\/2023\/06\/banner-header.jpg","title":"Nacho_urbon fotografo"}],"page-header-text":"","page-header-english":"1","page-header-english-page-id":"","page-content-title":"","home-slides":[],"page-content-text-1":"","page-content-text-2":"","page-content-image-1":[],"page-content-video":"","page-content-text-3":"","page-content-image-2":[],"page-content-text-4":"","page-content-image-3":[],"page-excerpt-title":"","page-excerpt-text":"","page-related-enable":"0","related-content":[],"getcontent":[],"home-text-block":[],"home-blue-text":"","home-blue-image":[],"home-contact-form":[],"team-doctor-name":"","team-doctor-position":"","team-doctor-txt":"","team-doctor-btn":"","team-doctor-page":"","team-doctor-img":[],"team-img-fullwidth":[],"contact-link":"","contact-msg":"","contact-subject":"","contact-lat-2":"","contact-long-2":"","contact-bubble-2":"","contact-data":"","contact-tour-title":"","contact-tour-link":"","contact-tour-image":[],"contact-form":[],"faq-type":false,"item-row":[{"scheme":"onlytext","row-padding":"without-padding","item-text":"<h3 style=\"text-align: center;\">10-13 November, 2026<\/h3>\r\n<h3 style=\"text-align: center;\">Teknon Medical Center, Barcelona<\/h3>","video-explica-rows":[{"item-slide-video-type":"input_embed"}],"disable-ca":"1"},{"scheme":"blueimagetext","row-padding":"small-padding","item-text":"Professor Federico Hernandez-Alfaro and his team at Instituto Maxilofacial have developed and published an extensive array of concepts and techniques in Orthofacial Surgery. During this 4 day intensive course the participants will be exposed to clinical seminars, live surgeries and case discussions in Orthofacial Surgery led by members of our team of maxillofacial surgeons.\r\n\r\nThis immersion course will provide you with a complete and exhaustive vision of the planning and execution of orthofacial surgery procedures. At the end of the program, you will receive a certificate.","video-explica-rows":[{"item-slide-video-type":"input_embed"}],"item-blue-image":["13394"],"disable-ca":"1"},{"scheme":"textimage","row-padding":"normal-padding","item-text":"<h2>Faculty<\/h2>\r\nProf. Federico Hernandez Alfaro (Director) \r\nDr. Adaia Valls Onta\u00f1\u00f3n \r\nDr. Francesc Duran \r\nDr. Alejandro Mazarro\r\nDr. \u00d3scar Saavedra","video-explica-rows":[{"item-slide-video-type":"input_embed"}],"item-images":["15966"],"item-bg-size-contain":["on"],"item-image-text-widths":"l20-r80","disable-ca":"1"},{"scheme":"imagetext","layout-color":"light-blue","row-padding":"normal-padding","item-text":"<h2>Contents<\/h2>\r\nAesthetic analysis\r\n3D Planning\r\nBarcelona Line\r\nVertical Problems\r\nOcclusal plane\r\nSurgery First\r\nMinimally invasive surgical techniques\r\nAncillary procedures\r\nPre &amp; post surgical management\r\nSurgical orthodontics","video-explica-rows":[{"item-slide-video-type":"input_embed"}],"item-images":["13422"],"item-bg-size-contain":["on"]},{"scheme":"textimage","row-padding":"normal-padding","item-text":"<h2>Programme<\/h2>","video-explica-rows":[{"item-slide-video-type":"input_embed"}],"item-images":["13390"],"item-bg-size-contain":["on"],"item-image-text-widths":"l30-r70"},{"scheme":"onlytext","layout-color":"white","row-padding":"without-padding","item-text":"On this map you will find accommodation, transportation and tourist attractions in the vicinity of Teknon Medical Center:\r\n\r\n<iframe src=\"https:\/\/www.google.com\/maps\/d\/embed?mid=17Rho6yzvsFvEJ_qHSSS723oOBosSKHNU&amp;ehbc=2E312F\" width=\"640\" height=\"480\"><\/iframe>","video-explica-rows":[{"item-slide-video-type":"input_embed"}]}],"chatbot-code":"","lateral-reducedheader":"","lateral-content-type":"","lateral-title":"","lateral-intro":"","lateral-form":"","lateral-popup":"","lateral-popup-pages":[],"lateral-cta-text":"","lateral-cta-page":"","item-type":"","item-tax":false,"iframe-tuotempo":"","iframe-subs-es":"","iframe-subs-en":"","iframe-subs-ca":"","blog-default-image":[],"activity-events-date":"","activity-page-past":"","noticias-default-image":[]},"_links":{"self":[{"href":"https:\/\/content.www.institutomaxilofacial.com\/ca\/wp-json\/wp\/v2\/pages\/13389","targetHints":{"allow":["GET"]}}],"collection":[{"href":"https:\/\/content.www.institutomaxilofacial.com\/ca\/wp-json\/wp\/v2\/pages"}],"about":[{"href":"https:\/\/content.www.institutomaxilofacial.com\/ca\/wp-json\/wp\/v2\/types\/page"}],"author":[{"embeddable":true,"href":"https:\/\/content.www.institutomaxilofacial.com\/ca\/wp-json\/wp\/v2\/users\/17"}],"replies":[{"embeddable":true,"href":"https:\/\/content.www.institutomaxilofacial.com\/ca\/wp-json\/wp\/v2\/comments?post=13389"}],"version-history":[{"count":1,"href":"https:\/\/content.www.institutomaxilofacial.com\/ca\/wp-json\/wp\/v2\/pages\/13389\/revisions"}],"predecessor-version":[{"id":13391,"href":"https:\/\/content.www.institutomaxilofacial.com\/ca\/wp-json\/wp\/v2\/pages\/13389\/revisions\/13391"}],"wp:attachment":[{"href":"https:\/\/content.www.institutomaxilofacial.com\/ca\/wp-json\/wp\/v2\/media?parent=13389"}],"curies":[{"name":"wp","href":"https:\/\/api.w.org\/{rel}","templated":true}]}}