{"id":137,"date":"2016-03-08T12:10:32","date_gmt":"2016-03-08T12:10:32","guid":{"rendered":"https:\/\/content.www.institutomaxilofacial.com\/?page_id=137"},"modified":"2025-07-09T11:08:22","modified_gmt":"2025-07-09T09:08:22","slug":"what-is","status":"publish","type":"page","link":"https:\/\/content.www.institutomaxilofacial.com\/ca\/cirurgia-ortognatica\/que-es-la-cirurgia-ortognatica\/","title":{"rendered":"Cirurgia Ortogn\u00e0tica: qu\u00e8 \u00e9s, quan s&#8217;indica i per qu\u00e8 \u00e9s una soluci\u00f3 definitiva"},"content":{"rendered":"<p class=\"qtranxs-available-languages-message qtranxs-available-languages-message-ca\">Perdona, per\u00f2 aquesta entrada nom\u00e9s est\u00e0 disponible en <a href=\"https:\/\/content.www.institutomaxilofacial.com\/es\/wp-json\/wp\/v2\/pages\/137\" class=\"qtranxs-available-language-link qtranxs-available-language-link-es\" title=\"Espa\u00f1ol\">Espa\u00f1ol<\/a>.<\/p>","protected":false},"excerpt":{"rendered":"<p>Perdona, per\u00f2 aquesta entrada nom\u00e9s est\u00e0 disponible en Espa\u00f1ol.<\/p>\n","protected":false},"author":1,"featured_media":15457,"parent":25,"menu_order":10,"comment_status":"closed","ping_status":"closed","template":"template-modular.php","meta":{"footnotes":""},"class_list":["post-137","page","type-page","status-publish","has-post-thumbnail","hentry"],"yoast_head":"<!-- This site is optimized with the Yoast SEO plugin v27.2 - https:\/\/yoast.com\/product\/yoast-seo-wordpress\/ -->\n<title>Cirurgia Ortogn\u00e0tica - Instituto Maxilofacial<\/title>\n<meta name=\"description\" content=\"Descobreix en qu\u00e8 consisteix la cirurgia ortogn\u00e0tica, quan est\u00e0 indicada i com corregeix de manera definitiva problemes funcionals i est\u00e8tics.\" \/>\n<meta name=\"robots\" content=\"index, follow, max-snippet:-1, max-image-preview:large, max-video-preview:-1\" \/>\n<link rel=\"canonical\" href=\"https:\/\/content.www.institutomaxilofacial.com\/ca\/wp-json\/wp\/v2\/pages\/137\/\" \/>\n<meta property=\"og:locale\" content=\"ca_ES\" \/>\n<meta property=\"og:type\" content=\"article\" \/>\n<meta property=\"og:title\" content=\"[:es]Cirug\u00eda Ortogn\u00e1tica - Instituto Maxilofacial [:ca]Cirurgia Ortogn\u00e0tica - Instituto Maxilofacial [:en]Orthognathic Surgery - Instituto Maxilofacial [:]\" \/>\n<meta property=\"og:description\" content=\"{:es}Descubre en qu\u00e9 consiste la cirug\u00eda ortogn\u00e1tica, cu\u00e1ndo est\u00e1 indicada y c\u00f3mo corrige de forma definitiva problemas funcionales y est\u00e9ticos.{:ca}Descobreix en qu\u00e8 consisteix la cirurgia ortogn\u00e0tica, quan est\u00e0 indicada i com corregeix de manera definitiva problemes funcionals i est\u00e8tics.{:en}Learn what orthognathic surgery involves, when it&#039;s indicated, and how it permanently corrects functional and aesthetic problems.{:}\" \/>\n<meta property=\"og:url\" content=\"https:\/\/content.www.institutomaxilofacial.com\/es\/cirugia-ortognatica\/que-es-la-cirugia-ortognatica\/\" \/>\n<meta property=\"og:site_name\" content=\"Instituto Maxilofacial\" \/>\n<meta property=\"article:modified_time\" content=\"2025-07-09T09:08:22+00:00\" \/>\n<meta property=\"og:image\" content=\"https:\/\/content.www.institutomaxilofacial.com\/wp-content\/uploads\/2025\/07\/cirugia-ortognatica-scaled.jpg\" \/>\n\t<meta property=\"og:image:width\" content=\"2560\" \/>\n\t<meta property=\"og:image:height\" content=\"1788\" \/>\n\t<meta property=\"og:image:type\" content=\"image\/jpeg\" \/>\n<meta name=\"twitter:card\" content=\"summary_large_image\" \/>\n<meta name=\"twitter:label1\" content=\"Est. reading time\" \/>\n\t<meta name=\"twitter:data1\" content=\"1 minute\" \/>\n<script type=\"application\/ld+json\" class=\"yoast-schema-graph\">{\"@context\":\"https:\/\/schema.org\",\"@graph\":[{\"@type\":\"WebPage\",\"@id\":\"https:\/\/content.www.institutomaxilofacial.com\/es\/cirugia-ortognatica\/que-es-la-cirugia-ortognatica\/\",\"url\":\"https:\/\/content.www.institutomaxilofacial.com\/es\/cirugia-ortognatica\/que-es-la-cirugia-ortognatica\/\",\"name\":\"[:es]Cirug\u00eda Ortogn\u00e1tica - Instituto Maxilofacial [:ca]Cirurgia Ortogn\u00e0tica - Instituto Maxilofacial [:en]Orthognathic Surgery - Instituto Maxilofacial [:]\",\"isPartOf\":{\"@id\":\"https:\/\/content.www.institutomaxilofacial.com\/ca\/#website\"},\"primaryImageOfPage\":{\"@id\":\"https:\/\/content.www.institutomaxilofacial.com\/es\/cirugia-ortognatica\/que-es-la-cirugia-ortognatica\/#primaryimage\"},\"image\":{\"@id\":\"https:\/\/content.www.institutomaxilofacial.com\/es\/cirugia-ortognatica\/que-es-la-cirugia-ortognatica\/#primaryimage\"},\"thumbnailUrl\":\"https:\/\/content.www.institutomaxilofacial.com\/wp-content\/uploads\/2025\/07\/cirugia-ortognatica-scaled.jpg\",\"datePublished\":\"2016-03-08T12:10:32+00:00\",\"dateModified\":\"2025-07-09T09:08:22+00:00\",\"description\":\"{:es}Descubre en qu\u00e9 consiste la cirug\u00eda ortogn\u00e1tica, cu\u00e1ndo est\u00e1 indicada y c\u00f3mo corrige de forma definitiva problemas funcionales y est\u00e9ticos.{:ca}Descobreix en qu\u00e8 consisteix la cirurgia ortogn\u00e0tica, quan est\u00e0 indicada i com corregeix de manera definitiva problemes funcionals i est\u00e8tics.{:en}Learn what orthognathic surgery involves, when it's indicated, and how it permanently corrects functional and aesthetic problems.{:}\",\"breadcrumb\":{\"@id\":\"https:\/\/content.www.institutomaxilofacial.com\/es\/cirugia-ortognatica\/que-es-la-cirugia-ortognatica\/#breadcrumb\"},\"inLanguage\":\"ca-ES\",\"potentialAction\":[{\"@type\":\"ReadAction\",\"target\":[\"https:\/\/content.www.institutomaxilofacial.com\/es\/cirugia-ortognatica\/que-es-la-cirugia-ortognatica\/\"]}]},{\"@type\":\"ImageObject\",\"inLanguage\":\"ca-ES\",\"@id\":\"https:\/\/content.www.institutomaxilofacial.com\/es\/cirugia-ortognatica\/que-es-la-cirugia-ortognatica\/#primaryimage\",\"url\":\"https:\/\/content.www.institutomaxilofacial.com\/wp-content\/uploads\/2025\/07\/cirugia-ortognatica-scaled.jpg\",\"contentUrl\":\"https:\/\/content.www.institutomaxilofacial.com\/wp-content\/uploads\/2025\/07\/cirugia-ortognatica-scaled.jpg\",\"width\":2560,\"height\":1788},{\"@type\":\"BreadcrumbList\",\"@id\":\"https:\/\/content.www.institutomaxilofacial.com\/es\/cirugia-ortognatica\/que-es-la-cirugia-ortognatica\/#breadcrumb\",\"itemListElement\":[{\"@type\":\"ListItem\",\"position\":1,\"name\":\"Portada\",\"item\":\"https:\/\/content.www.institutomaxilofacial.com\/es\/\"},{\"@type\":\"ListItem\",\"position\":2,\"name\":\"Cirug\u00eda Ortogn\u00e1tica\",\"item\":\"https:\/\/content.www.institutomaxilofacial.com\/es\/cirugia-ortognatica\/\"},{\"@type\":\"ListItem\",\"position\":3,\"name\":\"\u00bfQu\u00e9 es la Cirug\u00eda Ortogn\u00e1tica?\"}]},{\"@type\":\"WebSite\",\"@id\":\"https:\/\/content.www.institutomaxilofacial.com\/ca\/#website\",\"url\":\"https:\/\/content.www.institutomaxilofacial.com\/ca\/\",\"name\":\"Instituto Maxilofacial\",\"description\":\"Experts en Cirurgia Oral i Maxil\u00b7lofacial. Precisi\u00f3, experi\u00e8ncia i passi\u00f3 per la innovaci\u00f3\",\"potentialAction\":[{\"@type\":\"SearchAction\",\"target\":{\"@type\":\"EntryPoint\",\"urlTemplate\":\"https:\/\/content.www.institutomaxilofacial.com\/ca\/?s={search_term_string}\"},\"query-input\":{\"@type\":\"PropertyValueSpecification\",\"valueRequired\":true,\"valueName\":\"search_term_string\"}}],\"inLanguage\":\"ca-ES\"}]}<\/script>\n<!-- \/ Yoast SEO plugin. -->","yoast_head_json":{"title":"Cirurgia Ortogn\u00e0tica - Instituto Maxilofacial","description":"Descobreix en qu\u00e8 consisteix la cirurgia ortogn\u00e0tica, quan est\u00e0 indicada i com corregeix de manera definitiva problemes funcionals i est\u00e8tics.","robots":{"index":"index","follow":"follow","max-snippet":"max-snippet:-1","max-image-preview":"max-image-preview:large","max-video-preview":"max-video-preview:-1"},"canonical":"https:\/\/content.www.institutomaxilofacial.com\/ca\/wp-json\/wp\/v2\/pages\/137\/","og_locale":"ca_ES","og_type":"article","og_title":"[:es]Cirug\u00eda Ortogn\u00e1tica - Instituto Maxilofacial [:ca]Cirurgia Ortogn\u00e0tica - Instituto Maxilofacial [:en]Orthognathic Surgery - Instituto Maxilofacial [:]","og_description":"{:es}Descubre en qu\u00e9 consiste la cirug\u00eda ortogn\u00e1tica, cu\u00e1ndo est\u00e1 indicada y c\u00f3mo corrige de forma definitiva problemas funcionales y est\u00e9ticos.{:ca}Descobreix en qu\u00e8 consisteix la cirurgia ortogn\u00e0tica, quan est\u00e0 indicada i com corregeix de manera definitiva problemes funcionals i est\u00e8tics.{:en}Learn what orthognathic surgery involves, when it's indicated, and how it permanently corrects functional and aesthetic problems.{:}","og_url":"https:\/\/content.www.institutomaxilofacial.com\/es\/cirugia-ortognatica\/que-es-la-cirugia-ortognatica\/","og_site_name":"Instituto Maxilofacial","article_modified_time":"2025-07-09T09:08:22+00:00","og_image":[{"width":2560,"height":1788,"url":"https:\/\/content.www.institutomaxilofacial.com\/wp-content\/uploads\/2025\/07\/cirugia-ortognatica-scaled.jpg","type":"image\/jpeg"}],"twitter_card":"summary_large_image","twitter_misc":{"Est. reading time":"1 minute"},"schema":{"@context":"https:\/\/schema.org","@graph":[{"@type":"WebPage","@id":"https:\/\/content.www.institutomaxilofacial.com\/es\/cirugia-ortognatica\/que-es-la-cirugia-ortognatica\/","url":"https:\/\/content.www.institutomaxilofacial.com\/es\/cirugia-ortognatica\/que-es-la-cirugia-ortognatica\/","name":"[:es]Cirug\u00eda Ortogn\u00e1tica - Instituto Maxilofacial [:ca]Cirurgia Ortogn\u00e0tica - Instituto Maxilofacial [:en]Orthognathic Surgery - Instituto Maxilofacial [:]","isPartOf":{"@id":"https:\/\/content.www.institutomaxilofacial.com\/ca\/#website"},"primaryImageOfPage":{"@id":"https:\/\/content.www.institutomaxilofacial.com\/es\/cirugia-ortognatica\/que-es-la-cirugia-ortognatica\/#primaryimage"},"image":{"@id":"https:\/\/content.www.institutomaxilofacial.com\/es\/cirugia-ortognatica\/que-es-la-cirugia-ortognatica\/#primaryimage"},"thumbnailUrl":"https:\/\/content.www.institutomaxilofacial.com\/wp-content\/uploads\/2025\/07\/cirugia-ortognatica-scaled.jpg","datePublished":"2016-03-08T12:10:32+00:00","dateModified":"2025-07-09T09:08:22+00:00","description":"{:es}Descubre en qu\u00e9 consiste la cirug\u00eda ortogn\u00e1tica, cu\u00e1ndo est\u00e1 indicada y c\u00f3mo corrige de forma definitiva problemas funcionales y est\u00e9ticos.{:ca}Descobreix en qu\u00e8 consisteix la cirurgia ortogn\u00e0tica, quan est\u00e0 indicada i com corregeix de manera definitiva problemes funcionals i est\u00e8tics.{:en}Learn what orthognathic surgery involves, when it's indicated, and how it permanently corrects functional and aesthetic problems.{:}","breadcrumb":{"@id":"https:\/\/content.www.institutomaxilofacial.com\/es\/cirugia-ortognatica\/que-es-la-cirugia-ortognatica\/#breadcrumb"},"inLanguage":"ca-ES","potentialAction":[{"@type":"ReadAction","target":["https:\/\/content.www.institutomaxilofacial.com\/es\/cirugia-ortognatica\/que-es-la-cirugia-ortognatica\/"]}]},{"@type":"ImageObject","inLanguage":"ca-ES","@id":"https:\/\/content.www.institutomaxilofacial.com\/es\/cirugia-ortognatica\/que-es-la-cirugia-ortognatica\/#primaryimage","url":"https:\/\/content.www.institutomaxilofacial.com\/wp-content\/uploads\/2025\/07\/cirugia-ortognatica-scaled.jpg","contentUrl":"https:\/\/content.www.institutomaxilofacial.com\/wp-content\/uploads\/2025\/07\/cirugia-ortognatica-scaled.jpg","width":2560,"height":1788},{"@type":"BreadcrumbList","@id":"https:\/\/content.www.institutomaxilofacial.com\/es\/cirugia-ortognatica\/que-es-la-cirugia-ortognatica\/#breadcrumb","itemListElement":[{"@type":"ListItem","position":1,"name":"Portada","item":"https:\/\/content.www.institutomaxilofacial.com\/es\/"},{"@type":"ListItem","position":2,"name":"Cirug\u00eda Ortogn\u00e1tica","item":"https:\/\/content.www.institutomaxilofacial.com\/es\/cirugia-ortognatica\/"},{"@type":"ListItem","position":3,"name":"\u00bfQu\u00e9 es la Cirug\u00eda Ortogn\u00e1tica?"}]},{"@type":"WebSite","@id":"https:\/\/content.www.institutomaxilofacial.com\/ca\/#website","url":"https:\/\/content.www.institutomaxilofacial.com\/ca\/","name":"Instituto Maxilofacial","description":"Experts en Cirurgia Oral i Maxil\u00b7lofacial. Precisi\u00f3, experi\u00e8ncia i passi\u00f3 per la innovaci\u00f3","potentialAction":[{"@type":"SearchAction","target":{"@type":"EntryPoint","urlTemplate":"https:\/\/content.www.institutomaxilofacial.com\/ca\/?s={search_term_string}"},"query-input":{"@type":"PropertyValueSpecification","valueRequired":true,"valueName":"search_term_string"}}],"inLanguage":"ca-ES"}]}},"meta_box":{"caso-clinico-taxonomy":[],"caso-clinico-casos":[],"categoria-home-header-title":"","categoria-home-header-image":[],"categoria-home-intro-text":"","cta-cita-title":"","cta-cita-text":"","cta-cita-button-text":"","cta-cita-button-link":"","cta-cita-button-link-external":"","cta-cita-image":[],"cta-cita-image-mobile":[],"categoria-page-info-title":"","categoria-page-info-image":[],"categoria-page-header-title":"","categoria-page-header-image":[],"categoria-page-intro-text":"","categoria-page-intro-image":[],"categoria-page-intro-image-mobile":[],"categoria-page-intro-image-position":"","categoria-page-intro-image-position-mobile":"","categoria-page-intro-content":"","categoria-page-intro-highlights":[],"categoria-page-blocks":[],"categoria-page-benefits-active":"","categoria-page-benefits-title":"","categoria-page-benefits-text":"","categoria-page-benefits-image":[],"categoria-page-benefits-image-mobile":[],"categoria-page-button-text":"","categoria-page-button-link":"","categoria-page-button-link-external":"","categoria-page-cta1-title":"","categoria-page-cta1-text":"","categoria-page-cta1-button-text":"","categoria-page-cta1-button-link":"","categoria-page-cta2-title":"","categoria-page-cta2-text":"","categoria-page-cta2-button-text":"","categoria-page-cta2-button-link":"","contacto-name":"","contacto-address":"","contacto-tlf":"","contacto-fax":"","contacto-image":[],"contacto-lat":"","contacto-lng":"","contacto-map-zoom":"","contacto-map-lat":"","contacto-map-lng":"","contacto-form":"","faqs-taxonomy":[],"estetica-home-header-title":"","estetica-home-header-image":[],"estetica-home-intro-title":"","estetica-home-intro-text":"","estetica-home-cirugia-title":"","estetica-home-medicina-title":"","estetica-home-descubre-title":"","estetica-home-descubre-text":"","estetica-home-descubre-image":[],"estetica-home-descubre-background":[],"estetica-home-descubre-background-mobile":[],"estetica-home-cta1-title":"","estetica-home-cta1-text":"","estetica-home-cta1-button-text":"","estetica-home-cta1-button-link":"","estetica-home-cta1-image":[],"estetica-home-cta2-title":"","estetica-home-cta2-text":"","estetica-home-cta2-button-text":"","estetica-home-cta2-button-link":"","estetica-home-cta2-image":[],"estetica-home-posts-title":"","estetica-home-posts-button-text":"","estetica-home-faq-title":"","estetica-home-faqs":[],"estetica-home-faq-button-text":"","estetica-home-faq-button-link":"","stetik-iframe-url":"","interior-show-breadcrumb":"","interior-header-title":"","interior-header-image":[],"interior-blocks":[],"is-stetik-studio":"no","stetik-team-header-title":"","stetik-team-header-image":[],"stetik-team-intro-text":"","stetik-team-team-title":"","stetik-team-team-professional":[],"video-consulta-text":"","video-consulta-form":"","voz-experto-taxonomy":[],"landing-apnea-header-title":"","landing-apnea-header-subtitle":"","landing-apnea-header-image":[],"landing-apnea-header-pide-cita":"","landing-apnea-header-typeform":"","landing-apnea-blocks":[],"landing-apnea-intro-title":"","landing-apnea-intro-text":"","landing-apnea-highlight-items":[],"landing-apnea-blocks-2":[],"landing-apnea-testimonials-title":"","landing-apnea-testimonials-text":"","landing-apnea-testimonials-videos":[],"landing-apnea-hero-text":"","landing-apnea-faq-title":"","landing-apnea-faqs":[],"landing-apnea-prefooter-text":"","landing-apnea-prefooter-nota":"","redirect-page":"","shortcodeform-code":"","redirect-page-es":"","redirect-page-en":"","redirect-page-ca":"","login-page-need":"1","login-page":"","eh-cover-image":[],"eh-cover-image-mobile":[],"eh-cover-title":"","eh-cover-subtitle":"","eh-cover-text":"","eh-cover-btn1-text":"","eh-cover-btn1-page-id":"","eh-cover-btn2-text":"","eh-cover-btn2-video-files":[],"eh-specs-main-title":"","eh-specs":[],"eh-icons-reduced-section":"","eh-icons-1":[],"eh-patients-title":"","eh-patients":[],"eh-patients-nopic-title":"","eh-patients-nopic":[],"eh-video-title":"","eh-video":[],"eh-icons-2-reduced-section":"","eh-icons-2":[],"contact-zoom":"","contact-center":[],"contact-data-left-title":"","contact-data-left-content":"","contact-lat":"","contact-long":"","contact-bubble":"","contact-title-form":"","contact-text-form":"","contact-shortcode-form":"","contact-title-widget":"","contact-text-widget":"","contact-shortcode-widget":"","page-header":[],"page-header-text":"Cirurgia Ortogn\u00e0tica","page-header-english":"0","page-header-english-page-id":"","page-content-title":"Qu\u00e8 \u00e9s la Cirurgia Ortogn\u00e0tica?","home-slides":[],"page-content-text-1":"","page-content-text-2":"","page-content-image-1":[],"page-content-video":"","page-content-text-3":"","page-content-image-2":[],"page-content-text-4":"","page-content-image-3":[],"page-excerpt-title":"","page-excerpt-text":"","page-related-enable":"1","related-content":[{"type-related":"page","page-related":"149"},{"type-related":"page","page-related":"170"},{"type-related":"page","page-related":"176"}],"getcontent":[],"home-text-block":[],"home-blue-text":"","home-blue-image":[],"home-contact-form":[],"team-doctor-name":"","team-doctor-position":"","team-doctor-txt":"","team-doctor-btn":"","team-doctor-page":"","team-doctor-img":[],"team-img-fullwidth":[],"contact-link":"","contact-msg":"","contact-subject":"","contact-lat-2":"","contact-long-2":"","contact-bubble-2":"","contact-data":"","contact-tour-title":"","contact-tour-link":"","contact-tour-image":[],"contact-form":[],"faq-type":false,"item-row":[{"scheme":"onlytext","layout-anchor":"cirugia-ortognatica","layout-color":"white","row-padding":"normal-padding","item-text":"La <strong>cirurgia ortogn\u00e0tica<\/strong>, del grec orthos, \"recte\" i gnathos, \"mand\u00edbula\", \u00e9s una intervenci\u00f3 quir\u00fargica que <strong>s'encarrega de corregir les deformitats dento-crani-maxil\u00b7lofacials mitjan\u00e7ant moviments ossis maxil\u00b7lars i mandibulars<\/strong>, per aconseguir l'equilibri perfecte entre totes les caracter\u00edstiques facials del pacient.\r\n\r\nAquest tipus d'alteracions facials apareixen a la fase de creixement dels pacients, s'estabilitzen al final de la mateixa, i <strong>poden causar problemes com <a href=\"https:\/\/www.institutomaxilofacial.com\/ca\/apnea-del-son\/que-es-l-apnea-del-son\/\" target=\"_blank\" rel=\"noopener\">apnea del son<\/a>, <a href=\"https:\/\/www.institutomaxilofacial.com\/ca\/tratamiento\/cirurgia-oral-i-maxilofacial-articulacio-temporomandibular\/\" target=\"_blank\" rel=\"noopener\">trastorns de l'ATM<\/a>, problemes de maloclusi\u00f3 o <a href=\"https:\/\/www.institutomaxilofacial.com\/ca\/tratamiento\/cirurgia-ortognatica-asimetria-facial\/\" target=\"_blank\" rel=\"noopener\">falta d'harmonia esquel\u00e8tica<\/a>, entre d'<a href=\"https:\/\/www.institutomaxilofacial.com\/ca\/cirurgia-ortognatica\/procediments-cirurgia-ortognatica\/\" target=\"_blank\" rel=\"noopener\">altres<\/a>.<\/strong>","video-explica-rows":[{"item-slide-video-type":"input_embed"}],"item-row-icon-image-1":"Icono-1.png","item-row-icon-image-2":"Icono-1.png","item-row-icon-image-3":"Icono-1.png","item-row-icon-image-4":"Icono-1.png","item-cta-page":"5633","item-cta-size":"btn-big"},{"scheme":"imagetext","layout-color":"white","row-padding":"normal-padding","item-text":"<p class=\"p1\"><b>[t\u00edtulo]La cirurgia ortogn\u00e0tica[\/t\u00edtulo]<\/b><\/p>\r\n<p class=\"p2\">La <strong>cirurgia ortogn\u00e0tica<\/strong> ha de ser realitzada per un <strong>cirurgi\u00e0 maxil\u00b7lofacial<\/strong>, l'\u00fanic especialista indicat per tractar tant els ossos com els teixits tous de l'\u00e0rea facial. Hi ha tres tipus de <strong>cirurgia ortogn\u00e0tica<\/strong>:<\/p>\r\n\r\n<ul>\r\n \t<li class=\"p2\"><strong>Cirurgia Maxil\u00b7lar<\/strong><\/li>\r\n \t<li class=\"p2\"><strong>Cirurgia Mandibular<\/strong><\/li>\r\n \t<li class=\"p2\"><strong>Cirurgia Maxilo-mandibular,<\/strong> tamb\u00e9 anomenada <strong>cirurgia bimaxil\u00b7lar<\/strong><\/li>\r\n<\/ul>\r\n<!--EndFragment-->","video-explica-rows":[{"item-slide-video-type":"input_embed"}],"item-images":["15450"],"item-image-alt":"Cirurgia Ortogn\u00e0tica","item-bg-size-contain":["on"],"item-row-icon-image-1":"Icono-1.png","item-row-icon-image-2":"Icono-1.png","item-row-icon-image-3":"Icono-1.png","item-row-icon-image-4":"Icono-1.png","item-cta-page":"5633","item-cta-size":"btn-big"},{"scheme":"imagetext","layout-anchor":"cirugia-ortognatica-maxilar","row-padding":"normal-padding","item-text":"<h4>Cirurgia ortogn\u00e0tica del MAXIL\u00b7LAR<\/h4>\r\n<p class=\"MsoNormal\">La<strong> cirurgia ortogn\u00e0tica del maxil\u00b7lar<\/strong> es realitza per col\u00b7locar el maxil\u00b7lar en la posici\u00f3 correcta de manera que es pugui aconseguir l'<strong>harmonia facial<\/strong> i, el m\u00e9s important, una <strong>recuperaci\u00f3 de la funcionalitat<\/strong> d'aquest os, clau per mastegar, respirar i parlar.<\/p>\r\n<p class=\"MsoNormal\">Aquest procediment es realitza per corregir diverses deformitats facials, com el <a href=\"https:\/\/www.institutomaxilofacial.com\/ca\/tratamiento\/cirurgia-ortognatica-prognatisme-mandibular-o-classe-3\/\" target=\"_blank\" rel=\"noopener\">prognatisme mandibular o Classe 3<\/a>, <a href=\"https:\/\/www.institutomaxilofacial.com\/ca\/tratamiento\/cirugia-ortognatica-mordida-abierta\/\" target=\"_blank\" rel=\"noopener\">mossegada oberta<\/a> o <a href=\"https:\/\/www.institutomaxilofacial.com\/ca\/tratamiento\/cirurgia-ortognatica-somriure-gingival\/\" target=\"_blank\" rel=\"noopener\">somriure gingival<\/a>.<\/p>\r\n<p class=\"MsoNormal\">La <strong>cirurgia ortogn\u00e0tica del maxil\u00b7lar<\/strong> consisteix en un tall de l'os maxil\u00b7lar anomenat <strong>Osteotomia Le Fort I<\/strong>, que <strong>permet l'avan\u00e7, retrusi\u00f3, allargament, escur\u00e7ament o rotaci\u00f3 de l'os maxil\u00b7lar<\/strong>. Una vegada que la mand\u00edbula est\u00e0 en la posici\u00f3 desitjada, es fixa en el seu lloc amb plaques de titani, un material completament biocompatible.<\/p>\r\n<p class=\"MsoNormal\">Aquest procediment es realitza al nostre centre amb un <strong>enfocament m\u00ednimament invasiu<\/strong> en aproximadament <strong>40 minuts<\/strong> de temps quir\u00fargic.<\/p>","video-explica-rows":[{"item-slide-video-type":"input_embed"}],"item-images":["10246"],"item-bg-size-contain":["on"]},{"scheme":"imagetext","layout-anchor":"cirugia-ortognatica-mandibular","row-padding":"normal-padding","item-text":"<h4>Cirurgia ortogn\u00e0tica MANDIBULAR<\/h4>\r\n<p class=\"MsoNormal\">La <strong>cirurgia ortogn\u00e0tica d'avan\u00e7 mandibular<\/strong> \u00e9s un tractament necessari quan les persones tenen una mand\u00edbula petita i retreta respecte al maxil\u00b7lar, una condici\u00f3 coneguda com retrognatia o classe 2.<\/p>\r\n<p class=\"MsoNormal\">Aquest tipus de malformaci\u00f3 <strong>afecta especialment l'harmonia de la part inferior de la cara<\/strong> i causa <strong>diversos problemes funcionals<\/strong> com pot ser l'apnea del son.<\/p>\r\n<p class=\"MsoNormal\">La<strong> cirurgia d'avan\u00e7ament mandibular<\/strong> es fa mitjan\u00e7ant <strong>una osteotomia sagital bilateral<\/strong>, que consisteix en un tall a cada costat de l'os de la mand\u00edbula, un avan\u00e7 del mateix i fixaci\u00f3 de l'os en la nova posici\u00f3 mitjan\u00e7ant plaques de titani, un material completament biocompatible. \u00c9s un procediment senzill que <strong>pren una mitjana de 30 minuts de temps quir\u00fargic.<\/strong><\/p>","video-explica-rows":[{"item-slide-video-type":"input_embed"}],"item-images":["10247"],"item-bg-size-contain":["on"]},{"scheme":"imagetext","layout-anchor":"cirugia-ortognatica-bimaxilar","row-padding":"big-padding","item-text":"<h4>Cirurgia ortogn\u00e0tica Maxilo-MANDIBULAR<\/h4>\r\n<p class=\"MsoNormal\">En la majoria dels pacients de <strong>cirurgia ortogn\u00e0tic<\/strong>a, cal reposicionar el maxil\u00b7lar i la mand\u00edbula per aconseguir una correcta oclusi\u00f3 i harmonia facial, aquest procediment es coneix com a <strong>cirurgia maxilomandibular<\/strong>, o <strong>cirurgia ortogn\u00e0tica bimaxil\u00b7lar<\/strong>.<\/p>\r\n<p class=\"MsoNormal\">La <strong>cirurgia ortogn\u00e0tica bimaxil\u00b7lar<\/strong> serveix per tractar les seg\u00fcents malformacions: Classe 2, Classe 3, asimetria facial, o mossegada oberta, entre d'altres, <strong>quan una cirurgia monomaxilar no \u00e9s suficient per reparar els problemes del pacient.<\/strong><\/p>\r\n<p class=\"MsoNormal\">Gr\u00e0cies al nostre sistema de <a href=\"https:\/\/www.institutomaxilofacial.com\/ca\/cirurgia-ortognatica\/planificacio-3d-en-cirugira-ortognatica\/\" target=\"_blank\" rel=\"noopener\"><strong>planificaci\u00f3 3D<\/strong><\/a> i el nostre <a href=\"https:\/\/www.institutomaxilofacial.com\/ca\/cirurgia-ortognatica\/cirurgia-minimament-invasiva\/\" target=\"_blank\" rel=\"noopener\"><strong>enfocament m\u00ednimament invasiu<\/strong><\/a>, una cirurgia maxilomandibular en<strong> Institut Maxil\u00b7lofacial<\/strong> pren entre 90 i 120 minuts, i el pacient pot marxar a casa el dia despr\u00e9s de la intervenci\u00f3.<\/p>","video-explica-rows":[{"item-slide-video-type":"input_embed"}],"item-images":["10248"],"item-bg-size-contain":["on"]},{"scheme":"onlytext","layout-color":"light-grey","row-padding":"small-padding","item-text":"<h3 data-pm-slice=\"1 1 []\">Consulta personalizada<\/h3>\r\nSi te han diagnosticado una maloclusi\u00f3n o presentas s\u00edntomas como ronquidos, dolor mandibular o asimetr\u00eda facial, <strong>solicita una visita<\/strong> con el equipo del Prof. Hern\u00e1ndez Alfaro. Valoraremos tu caso con un estudio completo y una planificaci\u00f3n a medida.","video-explica-rows":[{"item-slide-video-type":"input_embed"}]},{"scheme":"cta","layout-color":"light-grey","row-padding":"without-padding","video-explica-rows":[{"item-slide-video-type":"input_embed"}],"item-cta-text":"Pedir cita","item-cta-page":"987","item-cta-size":"btn-normal"},{"scheme":"imagetext","layout-anchor":"cirugia-ortofacial","row-padding":"normal-padding","item-text":"[titulo]Cirurgia ortogn\u00e0tica VS. CIRURGIA ORTOFACIAL[\/titulo]\r\nEl terme <strong>\"cirurgia ortofacial\"<\/strong> \u00e9s cada vegada m\u00e9s com\u00fa en els mitjans especialitzats i divulgatius. Encara que cirurgia ortogn\u00e0tica i cirurgia ortofacial puguin utilitzar-se per referir-se al mateix procediment, la difer\u00e8ncia est\u00e0 en l'enfocament:\r\n<blockquote><strong>La cirurgia ortogn\u00e0tica \u00e9s un procediment quir\u00fargic que se centra principalment en aconseguir la correcta funci\u00f3 del complex maxilo-mandibular, mentre que la cirurgia ortofacial implica un enfocament hol\u00edstic en el qual la funci\u00f3 i l'est\u00e8tica van de la m\u00e0, i on es pren en consideraci\u00f3 tota la cara en el seu conjunt<\/strong>.<\/blockquote>\r\n<strong>Aquest canvi de paradigma es deu principalment als aven\u00e7os m\u00e8dics i les noves tecnologies:<\/strong>\r\n- d'una banda, <strong>el desenvolupament de t\u00e8cniques quir\u00fargiques m\u00ednimament invasives<\/strong>, que s\u00f3n menys traum\u00e0tiques per al pacient i en redueixen els temps quir\u00fargics.\r\n-per altra banda <strong>els aven\u00e7os tecnol\u00f2gics aplicats a la planificaci\u00f3 de les cirurgies<\/strong> (programaris de planificaci\u00f3 3D, models virtuals, bistur\u00ed piezoel\u00e8ctric, etc.) permeten una planificaci\u00f3 m\u00e9s precisa i previsible i una execuci\u00f3 r\u00e0pida i lliure de complicacions.\r\n\r\nAix\u00ed, en poques paraules, la cirurgia ortogn\u00e0tica \u00e9s un procediment funcional, i <strong>la cirurgia ortofacial va un pas m\u00e9s enll\u00e0, buscant l'equilibri ideal entre funci\u00f3 i est\u00e8tica<\/strong>. Per a aix\u00f2, en una cirurgia ortofacial a m\u00e9s d'abordar el maxil\u00b7lar i la mand\u00edbula dels pacients, en el proc\u00e9s de planificaci\u00f3, el cirurgi\u00e0 tamb\u00e9 estudia els canvis que es produiran en altres parts de la cara arran de la intervenci\u00f3, i es plantegen procediments complementaris per atenuar-les (en cas de ser indesitjats) o harmonitzar el 'nou' ter\u00e7 inferior de la cara amb la resta de la cara amb procediments com:\r\n- <a href=\"https:\/\/www.institutomaxilofacial.com\/ca\/tratamiento\/cirurgia-estetica-facial-mentoplastia\/\" target=\"_blank\" rel=\"noopener\">mentopl\u00e0stia<\/a>\r\n- <a href=\"https:\/\/www.institutomaxilofacial.com\/ca\/tratamiento\/cirurgia-estetica-facial-rinoplastia\/\" target=\"_blank\" rel=\"noopener\">rinopl\u00e0stia<\/a>\r\n- septopl\u00e0stia\r\n- <a href=\"https:\/\/www.institutomaxilofacial.com\/ca\/tratamiento\/cirurgia-estetica-facial-otoplastia\/\" target=\"_blank\" rel=\"noopener\">otopl\u00e0stia<\/a>\r\n- <a href=\"https:\/\/www.institutomaxilofacial.com\/ca\/tratamiento\/cirurgia-estetica-facial-lifting-facial\/\" target=\"_blank\" rel=\"noopener\">l\u00edfting cervical o facial<\/a>\r\n- farcits facials\r\n- <a href=\"https:\/\/www.institutomaxilofacial.com\/ca\/tratamiento\/cirurgia-estetica-facial-blefaroplastia\/\" target=\"_blank\" rel=\"noopener\">blefaropl\u00e0stia<\/a>\r\n- <a href=\"https:\/\/www.institutomaxilofacial.com\/ca\/tratamiento\/cirurgia-estetica-facial-cantopexia\/\" target=\"_blank\" rel=\"noopener\">cantopexia<\/a>\r\n- <a href=\"https:\/\/www.institutomaxilofacial.com\/ca\/tratamiento\/cirurgia-estetica-facial-augment-de-pomuls\/\" target=\"_blank\" rel=\"noopener\">extracci\u00f3 de boles de Bichat<\/a>\r\n- etc.\r\n\r\n<strong>En Institut Maxil\u00b7lofacial som pioners en utilitzar l'enfocament ortofacial<\/strong> gr\u00e0cies a la investigaci\u00f3 de l'equip liderat pel nostre director, el <a href=\"https:\/\/www.institutomaxilofacial.com\/ca\/dr-federico-hernandez-alfaro\/\">Prof. Federico Hern\u00e1ndez Alfaro.<\/a>","video-explica-rows":[{"item-slide-video-type":"input_embed"}],"item-images":["12066"],"item-bg-size-contain":["on"]},{"scheme":"imagetext","row-padding":"without-padding","item-text":"[t\u00edtulo]TIPUS DE MALOCLUSI\u00d3[\/t\u00edtulo]\r\n\r\nQuan hi ha una<strong> discrep\u00e0ncia entre la posici\u00f3 de l'os maxil\u00b7lar i la mand\u00edbula<\/strong>, es d\u00f3na el que es coneix com <strong>maloclusi\u00f3<\/strong> (una mossegada defectuosa) que pot ser de diferents tipus:\r\n\r\n-<strong><a href=\"https:\/\/www.institutomaxilofacial.com\/ca\/tratamiento\/cirurgia-ortognatica-retrognatia-mandibular-o-classe-2\/\" target=\"_blank\" rel=\"noopener\">Classe 2<\/a><\/strong>: tamb\u00e9 coneguda com retrognatia o retrognatismo, mandibular o prognatisme maxil\u00b7lar. Es d\u00f3na quan el maxil\u00b7lar est\u00e0 avan\u00e7at respecte a la mand\u00edbula.\r\n\r\n<strong>-<a href=\"https:\/\/www.institutomaxilofacial.com\/ca\/tratamiento\/cirurgia-ortognatica-prognatisme-mandibular-o-classe-3\/\" target=\"_blank\" rel=\"noopener\">Classe 3<\/a><\/strong>: tamb\u00e9 coneguda com prognatisme mandibular. Es d\u00f3na quan la mand\u00edbula est\u00e0 avan\u00e7ada respecte al maxil\u00b7lar.\r\n\r\n<strong>-<a href=\"https:\/\/www.institutomaxilofacial.com\/ca\/tratamiento\/cirurgia-ortognatica-asimetria-facial\/\" target=\"_blank\" rel=\"noopener\">Asimetria facial<\/a><\/strong>: quan una banda, o una part d'un costat de la cara est\u00e0 descompensat pel que fa a l'altre.\r\n\r\n<strong>-<a href=\"https:\/\/www.institutomaxilofacial.com\/ca\/tratamiento\/cirurgia-ortognatica-somriure-gingival\/\" target=\"_blank\" rel=\"noopener\">Somriure gingival<\/a>:<\/strong> quan es mostra un exc\u00e9s de teixit gingival (o geniva) al somriure","video-explica-rows":[{"item-slide-video-type":"input_embed"}],"item-images":["10237"],"item-bg-size-contain":["on"]},{"scheme":"imagetext","row-padding":"big-padding","item-text":"&nbsp;\r\n\r\n&nbsp;\r\n\r\nLes deformitats anteriors p<strong>oden venir acompanyades per altres problemes de maloclusi\u00f3<\/strong> com paladar estret, mossegada oberta, mossegada creuada, mossegada vora a vora, sobremossegada o apinyament dental.","video-explica-rows":[{"item-slide-video-type":"input_embed"}],"item-images":["10240"],"item-bg-size-contain":["on"]},{"scheme":"imagetext","layout-color":"white","row-padding":"normal-padding","item-text":"<h4>Ortod\u00f2ncia i cirurgia ortogn\u00e0tica<\/h4>\r\n<span style=\"line-height: 1.5;\">La <\/span><b style=\"line-height: 1.5;\">cirurgia ortogn\u00e0tica<\/b><span style=\"line-height: 1.5;\"> mant\u00e9 una relaci\u00f3 estreta amb l\u2019<\/span><b style=\"line-height: 1.5;\">ortod\u00f2ncia<\/b><span style=\"line-height: 1.5;\">. Aix\u00ed, la correcci\u00f3 de les deformitats <\/span><b style=\"line-height: 1.5;\">dentocraniomaxil\u00b7lofacials <\/b><span style=\"line-height: 1.5;\">\u00e9s una tasca sempre en equip entre l<\/span><b style=\"line-height: 1.5;\">\u2019ortodoncista<\/b><span style=\"line-height: 1.5;\"> i el <\/span><b style=\"line-height: 1.5;\">cirurgi\u00e0 maxil\u00b7lofacial<\/b><span style=\"line-height: 1.5;\">.<\/span>\r\n<p class=\"p2\">En l\u2019esquema de tractament convencional, <b><i>ortod\u00f2ncia-cirurgia ortogn\u00e0tica-ortod\u00f2ncia<\/i><\/b>, la missi\u00f3 de l\u2019<b>ortod\u00f2ncia<\/b> <b>prequir\u00fargica<\/b> \u00e9s eliminar les compensacions <b>dentals<\/b> existents i facilitar al cirurgi\u00e0 una estructura estable i adequada entre les arcades superior i inferior per poder dur a terme els moviments esquel\u00e8tics previstos. Per la seva banda, l\u2019<b>ortod\u00f2ncia<\/b> <b>postquir\u00fargica<\/b> \u00e9s essencial per establir una adequada oclusi\u00f3 final.<\/p>\r\n<p class=\"p1\">Els <b>cirurgians maxil\u00b7lofacials<\/b> de l\u2019<b>Institut Maxil\u00b7lofacial <\/b>estan coordinats amb els millors <b>ortodoncistes<\/b> del pa\u00eds. Durant el tractament d\u2019un cas susceptible de <b>cirurgia ortogn\u00e0tica<\/b>, tots dos professionals, <b>cirurgi\u00e0 maxil\u00b7lofacial <\/b>i <b>ortodoncista<\/b>, s\u2019asseguren de con\u00e8ixer els aspectes essencials de diagnosi i tractament. A m\u00e9s, han de coincidir plenament pel que fa al tractament proposat i en la manera que es far\u00e0, a fi que el pacient l\u2019accepti amb confian\u00e7a plena.<\/p>\r\n<p class=\"Cuerpo\" style=\"border: none; text-align: left;\" align=\"right\"><!--EndFragment--><\/p>","video-explica-rows":[{"item-slide-video-type":"input_embed"}],"item-images":["10241"],"item-image-alt":"Ortod\u00f2ncia y Cirurgia Ortogn\u00e0tica","item-bg-size-contain":["on"],"item-row-icon-image-1":"Icono-1.png","item-row-icon-image-2":"Icono-1.png","item-row-icon-image-3":"Icono-1.png","item-row-icon-image-4":"Icono-1.png","item-cta-page":"5633","item-cta-size":"btn-big"},{"scheme":"onlytext","row-padding":"normal-padding","item-text":"[t\u00edtulo]per qu\u00e8 triar l'Institut Maxilofacial?[\/t\u00edtulo]\r\n<p class=\"p2\">Quan un pacient candidat a la\u00a0<b>cirurgia ortogn\u00e0tica<\/b>\u00a0acudeix a l\u2019<b>Institut Maxil\u00b7lofacial\u00a0<\/b>l\u2019equip m\u00e8dic fa una an\u00e0lisi completa de la seva cara. Se n\u2019estudien de manera exhaustiva tots els elements que la formen:\u00a0<b>mand\u00edbula<\/b>,\u00a0<b>maxil\u00b7lar<\/b>,\u00a0<b>ossos zigom\u00e0tics<\/b>,\u00a0<b>nas<\/b>,\u00a0<b>regions orbit\u00e0ries<\/b>,\u00a0<b>dents<\/b>\u00a0i tots els\u00a0<b>teixits tous<\/b>\u00a0que recobreixen l\u2019esquelet facial i la regi\u00f3 cervical.<\/p>\r\n<p class=\"p2\"><span style=\"line-height: 1.5;\">De la mateixa manera que tots aquests components formen un conjunt indivisible, el\u00a0<\/span><b style=\"line-height: 1.5;\">cirurgi\u00e0 maxil\u00b7lofacial\u00a0<\/b><span style=\"line-height: 1.5;\">tamb\u00e9 ha de valorar conjuntament la\u00a0<\/span><b style=\"line-height: 1.5;\">morfologia<\/b><span style=\"line-height: 1.5;\">\u00a0i la\u00a0<\/span><b style=\"line-height: 1.5;\">funci\u00f3<\/b><span style=\"line-height: 1.5;\">. Aix\u00ed, quan es vulgui harmonitzar una cara, cal avaluar de manera hol\u00edstica tot el complex\u00a0<\/span><b style=\"line-height: 1.5;\">dentocraniomaxil\u00b7lofacial<\/b><span style=\"line-height: 1.5;\">\u00a0amb els seus diferents elements tant\u00a0<\/span><b style=\"line-height: 1.5;\">est\u00e8tics<\/b><span style=\"line-height: 1.5;\">\u00a0com\u00a0<\/span><b style=\"line-height: 1.5;\">funcionals<\/b><span style=\"line-height: 1.5;\">. Els professionals de l\u2019<\/span><b style=\"line-height: 1.5;\">Institut Maxil\u00b7lofacial<\/b><span style=\"line-height: 1.5;\">\u00a0conceben la\u00a0<\/span><b style=\"line-height: 1.5;\">funcionali<\/b><span style=\"line-height: 1.5;\">tat i l\u2019<\/span><b style=\"line-height: 1.5;\">est\u00e8tica<\/b><span style=\"line-height: 1.5;\">\u00a0com un tot.<\/span><\/p>","video-explica-rows":[{"item-slide-video-type":"input_embed"}]},{"scheme":"cta","layout-color":"white","row-padding":"small-padding","video-explica-rows":[{"item-slide-video-type":"input_embed"}],"item-cta-text":"View all orthognathic cases","item-cta-page":"170","disable-es":"1","disable-ca":"1"},{"scheme":"blueimagetext","layout-color":"dark-blue","row-padding":"normal-padding","item-title":"L\u00edder mundial en cirurgia ortogn\u00e0tica","item-text":"<p class=\"p1\">El <b>Dr. Federico Hern\u00e1ndez Alfaro<\/b> i el seu equip han creat protocols que permeten realitzar alguns procediments de <b>cirurgia ortogn\u00e0tica <\/b>com la <b>cirurgia ortogn\u00e0tica d\u2019avan\u00e7 mandibular<\/b>,<b> <\/b>la <b>SARPE<\/b> \u2013<i>Surgically Assisted Rapid Palatal Expansion<\/i>\u2013 o la <b>mentopl\u00e0stia<\/b> sota anest\u00e8sia local i sedaci\u00f3 sense ingr\u00e9s hospitalari.<\/p>\r\n<p class=\"p1\">Els pacients tornen a casa al cap de dues hores d\u2019una cirurgia que dura uns trenta minuts de mitjana. L\u2019experi\u00e8ncia postquir\u00fargica del pacient millora extraordin\u00e0riament respecte a la t\u00e8cnica convencional amb anest\u00e8sia general i ingr\u00e9s hospitalari: el temps quir\u00fargic s\u2019escur\u00e7a substancialment, el trauma quir\u00fargic \u00e9s inexistent i la recuperaci\u00f3, immediata.<\/p>\r\n<p class=\"p2\">L\u2019<b>Institut Maxil\u00b7lofacial<\/b> \u00e9s l\u2019\u00fanic centre que duu a terme aquesta t\u00e8cnica a Espanya i un dels dos que la practica a escala mundial. El Dr. Hern\u00e1ndez Alfaro ho explica en els seus dos articles publicats respectivament el 2002 i el 2010: <a href=\"https:\/\/content.www.institutomaxilofacial.com\/wp-content\/uploads\/2016\/05\/The-sagittal-mandibular-osteotomy-under-local-anesthesia-and-intravenous-sedation-four-years-of-multicenter-experience.-IJOOS-2002-2.pdf\"><b><i>The sagittal mandibular osteotomy under local anesthesia and intravenous sedation: Four years of multicenter experience<\/i><\/b><\/a> i <a href=\"https:\/\/content.www.institutomaxilofacial.com\/wp-content\/uploads\/2016\/05\/Minimally-invasive-surgically-assisted-rapid-palatal-expansion-with-limited-approach-under-sedation-a-report-of-283-consecutive-cases.-JOMS-2010.pdf\"><b><i>Minimally Invasive Surgically Assisted Rapid Palatal Expansion With Limited Approach Under Sedation: A Report of 283 Consecutive Cases<\/i><\/b>.<\/a><\/p>\r\n<p class=\"p1\"><!--EndFragment--><\/p>\r\n<!--EndFragment-->","video-explica-rows":[{"item-slide-video-type":"input_embed"}],"item-blue-image":["675"],"item-row-icon-image-1":"Icono-1.png","item-row-icon-image-2":"Icono-1.png","item-row-icon-image-3":"Icono-1.png","item-row-icon-image-4":"Icono-1.png","item-cta-page":"5633","item-cta-size":"btn-big"},{"scheme":"icons","layout-color":"light-blue","row-padding":"normal-padding","video-explica-rows":[{"item-slide-video-type":"input_embed"}],"item-row-icon-image-1":"Icono-51.png","item-row-icon-boldtext-1":"Un equip m\u00e8dic","item-row-icon-text-1":"Multidisciplinar i professional","item-row-icon-image-2":"Icono-50.png","item-row-icon-boldtext-2":"Un equip m\u00e8dic","item-row-icon-text-2":"Amb activitat docent i cont\u00ednua formaci\u00f3","item-row-icon-image-3":"Icono-44.png","item-row-icon-boldtext-3":"L\u00edder en avan\u00e7os tecnol\u00f2gics","item-row-icon-text-3":"Aplicats a la cirurgia oral i maxil\u00b7lofacial","item-row-icon-image-4":"Icono-33.png","item-row-icon-boldtext-4":"M\u00e9s de 150 casos de cirurgia ortogn\u00e0tica","item-row-icon-text-4":"Operats cada any","item-cta-page":"5633","item-cta-size":"btn-big"},{"scheme":"video_explica","layout-color":"dark-blue","row-padding":"normal-padding","item-title":"V\u00eddeos explicatius","item-slide-video-1":"<iframe src=\"https:\/\/player.vimeo.com\/video\/56541409\" width=\"1125\" height=\"844\" frameborder=\"0\" webkitallowfullscreen mozallowfullscreen allowfullscreen><\/iframe>","item-slide-video-2":"<iframe src=\"https:\/\/player.vimeo.com\/video\/55757459\" width=\"1125\" height=\"844\" frameborder=\"0\" webkitallowfullscreen mozallowfullscreen allowfullscreen><\/iframe>","item-slide-video-3":"<iframe src=\"https:\/\/player.vimeo.com\/video\/55757375\" width=\"1125\" height=\"844\" frameborder=\"0\" webkitallowfullscreen mozallowfullscreen allowfullscreen><\/iframe>","video-explica-rows":[{"item-slide-video-type":"input_embed","item-slide-embed":"<iframe width=\"560\" height=\"315\" src=\"https:\/\/www.youtube.com\/embed\/WHkCqSfDvjE\" frameborder=\"0\" allow=\"accelerometer; autoplay; encrypted-media; gyroscope; picture-in-picture\" allowfullscreen><\/iframe>"},{"item-slide-video-type":"input_file","item-slide-file-mp4":["5766"]},{"item-slide-video-type":"input_file","item-slide-file-mp4":["5767"]},{"item-slide-video-type":"input_file","item-slide-file-mp4":["5768"]},{"item-slide-video-type":"input_file","item-slide-file-mp4":["5770"]},{"item-slide-video-type":"input_file","item-slide-file-mp4":["5771"]},{"item-slide-video-type":"input_file","item-slide-file-mp4":["5772"]},{"item-slide-video-type":"input_file","item-slide-file-mp4":["5773"]},{"item-slide-video-type":"input_file","item-slide-file-mp4":["5774"]},{"item-slide-video-type":"input_file","item-slide-file-mp4":["5775"]}],"item-row-icon-image-1":"Icono-1.png","item-row-icon-image-2":"Icono-1.png","item-row-icon-image-3":"Icono-1.png","item-row-icon-image-4":"Icono-1.png","item-cta-page":"5633","item-cta-size":"btn-big"},{"scheme":"faqs","row-padding":"normal-padding","item-title":"Preguntas frecuentes","video-explica-rows":[{"item-slide-video-type":"input_embed"}],"faqs":[{"faq-q":"\u00bfEs dolorosa la cirug\u00eda ortogn\u00e1tica?","faq-a":"Gracias a la t\u00e9cnica m\u00ednimamente invasiva y a un buen control postoperatorio, la mayor\u00eda de los pacientes experimentan molestias leves."},{"faq-q":"\u00bfCu\u00e1nto dura la recuperaci\u00f3n?","faq-a":"Entre 2 y 3 semanas para volver a la rutina diaria, aunque el proceso completo de recuperaci\u00f3n puede prolongarse varios meses."},{"faq-q":"\u00bfCu\u00e1ndo es mejor operarse?","faq-a":"Idealmente tras completar el crecimiento \u00f3seo, en adultos j\u00f3venes, aunque tambi\u00e9n se realiza en adultos sin l\u00edmite de edad."},{"faq-q":"\u00bfLa cirug\u00eda cambia mucho el aspecto del rostro?","faq-a":"S\u00ed, pero de forma armoniosa. Se mejora la proyecci\u00f3n del ment\u00f3n, el equilibrio de los tercios faciales y el perfil."},{"faq-q":"\u00bfLa cirug\u00eda cura la apnea del sue\u00f1o?","faq-a":"Este tipo de cirug\u00eda es el \u00fanico tratamiento curativo contra la apnea del sue\u00f1o, es especialmente efectiva en pacientes con retrognatia o mand\u00edbulas retra\u00eddas. La cirug\u00eda mejora el flujo de aire durante el sue\u00f1o."}]}],"chatbot-code":"","lateral-reducedheader":"","lateral-content-type":"","lateral-title":"","lateral-intro":"","lateral-form":"","lateral-popup":"","lateral-popup-pages":[],"lateral-cta-text":"","lateral-cta-page":"","item-type":"","item-tax":false,"iframe-tuotempo":"","iframe-subs-es":"","iframe-subs-en":"","iframe-subs-ca":"","blog-default-image":[],"activity-events-date":"","activity-page-past":"","noticias-default-image":[]},"_links":{"self":[{"href":"https:\/\/content.www.institutomaxilofacial.com\/ca\/wp-json\/wp\/v2\/pages\/137","targetHints":{"allow":["GET"]}}],"collection":[{"href":"https:\/\/content.www.institutomaxilofacial.com\/ca\/wp-json\/wp\/v2\/pages"}],"about":[{"href":"https:\/\/content.www.institutomaxilofacial.com\/ca\/wp-json\/wp\/v2\/types\/page"}],"author":[{"embeddable":true,"href":"https:\/\/content.www.institutomaxilofacial.com\/ca\/wp-json\/wp\/v2\/users\/1"}],"replies":[{"embeddable":true,"href":"https:\/\/content.www.institutomaxilofacial.com\/ca\/wp-json\/wp\/v2\/comments?post=137"}],"version-history":[{"count":24,"href":"https:\/\/content.www.institutomaxilofacial.com\/ca\/wp-json\/wp\/v2\/pages\/137\/revisions"}],"predecessor-version":[{"id":15459,"href":"https:\/\/content.www.institutomaxilofacial.com\/ca\/wp-json\/wp\/v2\/pages\/137\/revisions\/15459"}],"up":[{"embeddable":true,"href":"https:\/\/content.www.institutomaxilofacial.com\/ca\/wp-json\/wp\/v2\/pages\/25"}],"wp:featuredmedia":[{"embeddable":true,"href":"https:\/\/content.www.institutomaxilofacial.com\/ca\/wp-json\/wp\/v2\/media\/15457"}],"wp:attachment":[{"href":"https:\/\/content.www.institutomaxilofacial.com\/ca\/wp-json\/wp\/v2\/media?parent=137"}],"curies":[{"name":"wp","href":"https:\/\/api.w.org\/{rel}","templated":true}]}}