{"id":14875,"date":"2024-08-06T09:39:21","date_gmt":"2024-08-06T07:39:21","guid":{"rendered":"https:\/\/content.www.institutomaxilofacial.com\/es\/?page_id=14875"},"modified":"2024-08-06T09:39:21","modified_gmt":"2024-08-06T07:39:21","slug":"pagina-de-prueba","status":"publish","type":"page","link":"https:\/\/content.www.institutomaxilofacial.com\/es\/pagina-de-prueba\/","title":{"rendered":"P\u00e1gina de prueba"},"content":{"rendered":"<p><\/p>\n<div>\n<div>\t\t<div class=\"em em-view-container\" id=\"em-view-392871537\" data-view=\"calendar\">\r\n\t\t\t<div class=\"em pixelbones em-calendar preview-tooltips responsive-dateclick-modal size-large size-fixed\" data-scope=\"2024-08-26,2024-10-06\" data-preview-tooltips-trigger=\"\" id=\"em-calendar-392871537\" data-view-id=\"392871537\" data-view-type=\"calendar\">\n\t<section class=\"em-cal-nav \">\n\t\t<div class=\"month input\">\n\t\t\t\t\t<form action=\"\" method=\"get\">\n\t\t\t\t<input type=\"month\" class=\"em-month-picker\" value=\"2024-09\" data-month-value=\"septiembre 2024\">\n\t\t\t\t<span class=\"toggle\"><\/span>\n\t\t\t<\/form>\n\t\t\t<\/div>\n\t<div class=\"month-nav input\">\n\t\t<a class=\"em-calnav em-calnav-prev\" href=\"\/es\/wp-json\/wp\/v2\/pages\/14875?id=392871537&#038;full=1&#038;ajaxCalendar=1&#038;mo=8&#038;yr=2024\" data-disabled=\"0\">\n\t\t\t<svg viewBox=\"0 0 15 15\" xmlns=\"http:\/\/www.w3.org\/2000\/svg\"><path d=\"M10 14L3 7.5L10 1\" stroke=\"#555\" stroke-linecap=\"square\"><\/path><\/svg>\n\n\t\t<\/a>\n\t\t<a  href=\"\/es\/wp-json\/wp\/v2\/pages\/14875?id=392871537&#038;full=1&#038;ajaxCalendar=1&#038;mo=04&#038;yr=2026\" class=\"em-calnav-today button button-secondary size-large size-medium \">\n\t\t\tHoy\t\t<\/a>\n\t\t<a class=\"em-calnav em-calnav-next\" href=\"\/es\/wp-json\/wp\/v2\/pages\/14875?id=392871537&#038;full=1&#038;ajaxCalendar=1&#038;mo=10&#038;yr=2024\" data-disabled=\"0\">\n\t\t\t<svg viewBox=\"0 0 15 15\" xmlns=\"http:\/\/www.w3.org\/2000\/svg\"><path d=\"M5 14L12 7.5L5 1\" stroke=\"#555\" stroke-linecap=\"square\"><\/path><\/svg>\n\t\t<\/a>\n\t<\/div>\n<\/section><section class=\"em-cal-head em-cal-week-days em-cal-days size-large\">\n\t\t\t<div class=\"em-cal-day em-cal-col-0\">lunes<\/div>\n\t\t\t\t<div class=\"em-cal-day em-cal-col-1\">martes<\/div>\n\t\t\t\t<div class=\"em-cal-day em-cal-col-2\">mi\u00e9rcoles<\/div>\n\t\t\t\t<div class=\"em-cal-day em-cal-col-3\">jueves<\/div>\n\t\t\t\t<div class=\"em-cal-day em-cal-col-4\">viernes<\/div>\n\t\t\t\t<div class=\"em-cal-day em-cal-col-5\">s\u00e1bado<\/div>\n\t\t\t\t<div class=\"em-cal-day em-cal-col-6\">domingo<\/div>\n\t\t<\/section>\n<section class=\"em-cal-head em-cal-week-days em-cal-days size-small size-medium\">\n\t\t\t<div class=\"em-cal-day em-cal-col-0\">l<\/div>\n\t\t\t\t<div class=\"em-cal-day em-cal-col-1\">m<\/div>\n\t\t\t\t<div class=\"em-cal-day em-cal-col-2\">m<\/div>\n\t\t\t\t<div class=\"em-cal-day em-cal-col-3\">j<\/div>\n\t\t\t\t<div class=\"em-cal-day em-cal-col-4\">v<\/div>\n\t\t\t\t<div class=\"em-cal-day em-cal-col-5\">s<\/div>\n\t\t\t\t<div class=\"em-cal-day em-cal-col-6\">d<\/div>\n\t\t<\/section><section class=\"em-cal-body em-cal-days event-style-pill even-aspect\">\n\t\t\t<div class=\"eventless-pre em-cal-day em-cal-col-1\">\n\t\t\t\t\t\t\t<div class=\"em-cal-day-date\">\n\t\t\t\t\t<span>26<\/span>\n\t\t\t\t<\/div>\n\t\t\t\t\t<\/div>\n\t\t\t\t<div class=\"eventless-pre em-cal-day em-cal-col-2\">\n\t\t\t\t\t\t\t<div class=\"em-cal-day-date\">\n\t\t\t\t\t<span>27<\/span>\n\t\t\t\t<\/div>\n\t\t\t\t\t<\/div>\n\t\t\t\t<div class=\"eventless-pre em-cal-day em-cal-col-3\">\n\t\t\t\t\t\t\t<div class=\"em-cal-day-date\">\n\t\t\t\t\t<span>28<\/span>\n\t\t\t\t<\/div>\n\t\t\t\t\t<\/div>\n\t\t\t\t<div class=\"eventless-pre em-cal-day em-cal-col-4\">\n\t\t\t\t\t\t\t<div class=\"em-cal-day-date\">\n\t\t\t\t\t<span>29<\/span>\n\t\t\t\t<\/div>\n\t\t\t\t\t<\/div>\n\t\t\t\t<div class=\"eventless-pre em-cal-day em-cal-col-5\">\n\t\t\t\t\t\t\t<div class=\"em-cal-day-date\">\n\t\t\t\t\t<span>30<\/span>\n\t\t\t\t<\/div>\n\t\t\t\t\t<\/div>\n\t\t\t\t<div class=\"eventless-pre em-cal-day em-cal-col-6\">\n\t\t\t\t\t\t\t<div class=\"em-cal-day-date\">\n\t\t\t\t\t<span>31<\/span>\n\t\t\t\t<\/div>\n\t\t\t\t\t<\/div>\n\t\t\t\t<div class=\"eventless em-cal-day em-cal-col-7\">\n\t\t\t\t\t\t\t<div class=\"em-cal-day-date\">\n\t\t\t\t\t<span>1<\/span>\n\t\t\t\t<\/div>\n\t\t\t\t\t<\/div>\n\t\t\t\t<div class=\"eventless em-cal-day em-cal-col-1\">\n\t\t\t\t\t\t\t<div class=\"em-cal-day-date\">\n\t\t\t\t\t<span>2<\/span>\n\t\t\t\t<\/div>\n\t\t\t\t\t<\/div>\n\t\t\t\t<div class=\"eventful em-cal-day em-cal-col-2\">\n\t\t\t\t\t\t\t<div class=\"em-cal-day-date colored\" data-calendar-date=\"1725321600\">\n\t\t\t\t\t<a href=\"https:\/\/content.www.institutomaxilofacial.com\/es\/eventos\/2024-09-03\/\" title=\"XXVI Brazilian Congress of Oral and Maxillofacial Surgery and Traumatology\">3<\/a>\n\t\t\t\t\t\t\t\t\t<\/div>\n\t\t\t\t\t\t\t\t\t\t\t<div class=\"em-cal-event multiday has-start has-end days-4\" style=\"--event-background-color:#27a7fb;;--event-border-color:#27a7fb;;--event-color:#fff;\" data-event-url=\"https:\/\/content.www.institutomaxilofacial.com\/es\/events\/xxvi-brazilian-congress-of-oral-and-maxillofacial-surgery-and-traumatology\/\" data-event-id=\"110\">\n\t\t\t\t\t\t\t\t<div><span data-temp=\"Prof. Federico Hernandez Alfaro (Par\u00e1, Brasil)\">12:00 AM - <a href=\"https:\/\/content.www.institutomaxilofacial.com\/es\/events\/xxvi-brazilian-congress-of-oral-and-maxillofacial-surgery-and-traumatology\/\">XXVI Brazilian Congress of Oral and Maxillofacial Surgery and Traumatology<\/a><\/span><\/div>\t\t\t\t\t\t\t<\/div>\n\t\t\t\t\t\t\t\t\t\t\t\t\t\t\n\t\t\t\t\t<\/div>\n\t\t\t\t<div class=\"eventful em-cal-day em-cal-col-3\">\n\t\t\t\t\t\t\t<div class=\"em-cal-day-date colored\" data-calendar-date=\"1725408000\">\n\t\t\t\t\t<a href=\"https:\/\/content.www.institutomaxilofacial.com\/es\/eventos\/2024-09-04\/\" title=\"XXVI Brazilian Congress of Oral and Maxillofacial Surgery and Traumatology\">4<\/a>\n\t\t\t\t\t\t\t\t\t<\/div>\n\t\t\t\t<div class=\"em-cal-event multiday\" data-event-url=\"https:\/\/content.www.institutomaxilofacial.com\/es\/events\/xxvi-brazilian-congress-of-oral-and-maxillofacial-surgery-and-traumatology\/\" data-event-id=\"110\"><\/div>\t\t\t\t\t\t\t\n\t\t\t\t\t<\/div>\n\t\t\t\t<div class=\"eventful em-cal-day em-cal-col-4\">\n\t\t\t\t\t\t\t<div class=\"em-cal-day-date colored\" data-calendar-date=\"1725494400\">\n\t\t\t\t\t<a href=\"https:\/\/content.www.institutomaxilofacial.com\/es\/eventos\/2024-09-05\/\" title=\"XXVI Brazilian Congress of Oral and Maxillofacial Surgery and Traumatology\">5<\/a>\n\t\t\t\t\t\t\t\t\t<\/div>\n\t\t\t\t<div class=\"em-cal-event multiday\" data-event-url=\"https:\/\/content.www.institutomaxilofacial.com\/es\/events\/xxvi-brazilian-congress-of-oral-and-maxillofacial-surgery-and-traumatology\/\" data-event-id=\"110\"><\/div>\t\t\t\t\t\t\t\n\t\t\t\t\t<\/div>\n\t\t\t\t<div class=\"eventful em-cal-day em-cal-col-5\">\n\t\t\t\t\t\t\t<div class=\"em-cal-day-date colored\" data-calendar-date=\"1725580800\">\n\t\t\t\t\t<a href=\"https:\/\/content.www.institutomaxilofacial.com\/es\/eventos\/2024-09-06\/\" title=\"XXVI Brazilian Congress of Oral and Maxillofacial Surgery and Traumatology\">6<\/a>\n\t\t\t\t\t\t\t\t\t<\/div>\n\t\t\t\t<div class=\"em-cal-event multiday\" data-event-url=\"https:\/\/content.www.institutomaxilofacial.com\/es\/events\/xxvi-brazilian-congress-of-oral-and-maxillofacial-surgery-and-traumatology\/\" data-event-id=\"110\"><\/div>\t\t\t\t\t\t\t\n\t\t\t\t\t<\/div>\n\t\t\t\t<div class=\"eventless em-cal-day em-cal-col-6\">\n\t\t\t\t\t\t\t<div class=\"em-cal-day-date\">\n\t\t\t\t\t<span>7<\/span>\n\t\t\t\t<\/div>\n\t\t\t\t\t<\/div>\n\t\t\t\t<div class=\"eventless em-cal-day em-cal-col-7\">\n\t\t\t\t\t\t\t<div class=\"em-cal-day-date\">\n\t\t\t\t\t<span>8<\/span>\n\t\t\t\t<\/div>\n\t\t\t\t\t<\/div>\n\t\t\t\t<div class=\"eventless em-cal-day em-cal-col-1\">\n\t\t\t\t\t\t\t<div class=\"em-cal-day-date\">\n\t\t\t\t\t<span>9<\/span>\n\t\t\t\t<\/div>\n\t\t\t\t\t<\/div>\n\t\t\t\t<div class=\"eventless em-cal-day em-cal-col-2\">\n\t\t\t\t\t\t\t<div class=\"em-cal-day-date\">\n\t\t\t\t\t<span>10<\/span>\n\t\t\t\t<\/div>\n\t\t\t\t\t<\/div>\n\t\t\t\t<div class=\"eventless em-cal-day em-cal-col-3\">\n\t\t\t\t\t\t\t<div class=\"em-cal-day-date\">\n\t\t\t\t\t<span>11<\/span>\n\t\t\t\t<\/div>\n\t\t\t\t\t<\/div>\n\t\t\t\t<div class=\"eventless em-cal-day em-cal-col-4\">\n\t\t\t\t\t\t\t<div class=\"em-cal-day-date\">\n\t\t\t\t\t<span>12<\/span>\n\t\t\t\t<\/div>\n\t\t\t\t\t<\/div>\n\t\t\t\t<div class=\"eventless em-cal-day em-cal-col-5\">\n\t\t\t\t\t\t\t<div class=\"em-cal-day-date\">\n\t\t\t\t\t<span>13<\/span>\n\t\t\t\t<\/div>\n\t\t\t\t\t<\/div>\n\t\t\t\t<div class=\"eventless em-cal-day em-cal-col-6\">\n\t\t\t\t\t\t\t<div class=\"em-cal-day-date\">\n\t\t\t\t\t<span>14<\/span>\n\t\t\t\t<\/div>\n\t\t\t\t\t<\/div>\n\t\t\t\t<div class=\"eventless em-cal-day em-cal-col-7\">\n\t\t\t\t\t\t\t<div class=\"em-cal-day-date\">\n\t\t\t\t\t<span>15<\/span>\n\t\t\t\t<\/div>\n\t\t\t\t\t<\/div>\n\t\t\t\t<div class=\"eventful em-cal-day em-cal-col-1\">\n\t\t\t\t\t\t\t<div class=\"em-cal-day-date colored\" data-calendar-date=\"1726444800\">\n\t\t\t\t\t<a href=\"https:\/\/content.www.institutomaxilofacial.com\/es\/eventos\/2024-09-16\/\" title=\" 27th EACMFS Congress \">16<\/a>\n\t\t\t\t\t\t\t\t\t<\/div>\n\t\t\t\t\t\t\t\t\t\t\t<div class=\"em-cal-event multiday has-start has-end days-5\" style=\"--event-background-color:#27a7fb;;--event-border-color:#27a7fb;;--event-color:#fff;\" data-event-url=\"https:\/\/content.www.institutomaxilofacial.com\/es\/events\/27th-eacmfs-congress\/\" data-event-id=\"117\">\n\t\t\t\t\t\t\t\t<div><span data-temp=\"Prof. Federico Hernandez Alfaro (Roma, Italia)\">12:00 AM - <a href=\"https:\/\/content.www.institutomaxilofacial.com\/es\/events\/27th-eacmfs-congress\/\"> 27th EACMFS Congress <\/a><\/span><\/div>\t\t\t\t\t\t\t<\/div>\n\t\t\t\t\t\t\t\t\t\t\t\t\t\t\n\t\t\t\t\t<\/div>\n\t\t\t\t<div class=\"eventful em-cal-day em-cal-col-2\">\n\t\t\t\t\t\t\t<div class=\"em-cal-day-date colored\" data-calendar-date=\"1726531200\">\n\t\t\t\t\t<a href=\"https:\/\/content.www.institutomaxilofacial.com\/es\/eventos\/2024-09-17\/\" title=\" 27th EACMFS Congress \">17<\/a>\n\t\t\t\t\t\t\t\t\t<\/div>\n\t\t\t\t<div class=\"em-cal-event multiday\" data-event-url=\"https:\/\/content.www.institutomaxilofacial.com\/es\/events\/27th-eacmfs-congress\/\" data-event-id=\"117\"><\/div>\t\t\t\t\t\t\t\n\t\t\t\t\t<\/div>\n\t\t\t\t<div class=\"eventful em-cal-day em-cal-col-3\">\n\t\t\t\t\t\t\t<div class=\"em-cal-day-date colored\" data-calendar-date=\"1726617600\">\n\t\t\t\t\t<a href=\"https:\/\/content.www.institutomaxilofacial.com\/es\/eventos\/2024-09-18\/\" title=\" 27th EACMFS Congress \">18<\/a>\n\t\t\t\t\t\t\t\t\t<\/div>\n\t\t\t\t<div class=\"em-cal-event multiday\" data-event-url=\"https:\/\/content.www.institutomaxilofacial.com\/es\/events\/27th-eacmfs-congress\/\" data-event-id=\"117\"><\/div>\t\t\t\t\t\t\t\n\t\t\t\t\t<\/div>\n\t\t\t\t<div class=\"eventful em-cal-day em-cal-col-4\">\n\t\t\t\t\t\t\t<div class=\"em-cal-day-date colored\" data-calendar-date=\"1726704000\">\n\t\t\t\t\t<a href=\"https:\/\/content.www.institutomaxilofacial.com\/es\/eventos\/2024-09-19\/\" title=\" 27th EACMFS Congress \">19<\/a>\n\t\t\t\t\t\t\t\t\t<\/div>\n\t\t\t\t<div class=\"em-cal-event multiday\" data-event-url=\"https:\/\/content.www.institutomaxilofacial.com\/es\/events\/27th-eacmfs-congress\/\" data-event-id=\"117\"><\/div>\t\t\t\t\t\t\t\n\t\t\t\t\t<\/div>\n\t\t\t\t<div class=\"eventful em-cal-day em-cal-col-5\">\n\t\t\t\t\t\t\t<div class=\"em-cal-day-date colored\" data-calendar-date=\"1726790400\">\n\t\t\t\t\t<a href=\"https:\/\/content.www.institutomaxilofacial.com\/es\/eventos\/2024-09-20\/\" title=\" 27th EACMFS Congress \">20<\/a>\n\t\t\t\t\t\t\t\t\t<\/div>\n\t\t\t\t<div class=\"em-cal-event multiday\" data-event-url=\"https:\/\/content.www.institutomaxilofacial.com\/es\/events\/27th-eacmfs-congress\/\" data-event-id=\"117\"><\/div>\t\t\t\t\t\t\t\n\t\t\t\t\t<\/div>\n\t\t\t\t<div class=\"eventless em-cal-day em-cal-col-6\">\n\t\t\t\t\t\t\t<div class=\"em-cal-day-date\">\n\t\t\t\t\t<span>21<\/span>\n\t\t\t\t<\/div>\n\t\t\t\t\t<\/div>\n\t\t\t\t<div class=\"eventless em-cal-day em-cal-col-7\">\n\t\t\t\t\t\t\t<div class=\"em-cal-day-date\">\n\t\t\t\t\t<span>22<\/span>\n\t\t\t\t<\/div>\n\t\t\t\t\t<\/div>\n\t\t\t\t<div class=\"eventless em-cal-day em-cal-col-1\">\n\t\t\t\t\t\t\t<div class=\"em-cal-day-date\">\n\t\t\t\t\t<span>23<\/span>\n\t\t\t\t<\/div>\n\t\t\t\t\t<\/div>\n\t\t\t\t<div class=\"eventless em-cal-day em-cal-col-2\">\n\t\t\t\t\t\t\t<div class=\"em-cal-day-date\">\n\t\t\t\t\t<span>24<\/span>\n\t\t\t\t<\/div>\n\t\t\t\t\t<\/div>\n\t\t\t\t<div class=\"eventless em-cal-day em-cal-col-3\">\n\t\t\t\t\t\t\t<div class=\"em-cal-day-date\">\n\t\t\t\t\t<span>25<\/span>\n\t\t\t\t<\/div>\n\t\t\t\t\t<\/div>\n\t\t\t\t<div class=\"eventless em-cal-day em-cal-col-4\">\n\t\t\t\t\t\t\t<div class=\"em-cal-day-date\">\n\t\t\t\t\t<span>26<\/span>\n\t\t\t\t<\/div>\n\t\t\t\t\t<\/div>\n\t\t\t\t<div class=\"eventless em-cal-day em-cal-col-5\">\n\t\t\t\t\t\t\t<div class=\"em-cal-day-date\">\n\t\t\t\t\t<span>27<\/span>\n\t\t\t\t<\/div>\n\t\t\t\t\t<\/div>\n\t\t\t\t<div class=\"eventless em-cal-day em-cal-col-6\">\n\t\t\t\t\t\t\t<div class=\"em-cal-day-date\">\n\t\t\t\t\t<span>28<\/span>\n\t\t\t\t<\/div>\n\t\t\t\t\t<\/div>\n\t\t\t\t<div class=\"eventless em-cal-day em-cal-col-7\">\n\t\t\t\t\t\t\t<div class=\"em-cal-day-date\">\n\t\t\t\t\t<span>29<\/span>\n\t\t\t\t<\/div>\n\t\t\t\t\t<\/div>\n\t\t\t\t<div class=\"eventless em-cal-day em-cal-col-1\">\n\t\t\t\t\t\t\t<div class=\"em-cal-day-date\">\n\t\t\t\t\t<span>30<\/span>\n\t\t\t\t<\/div>\n\t\t\t\t\t<\/div>\n\t\t\t\t<div class=\"eventless-post em-cal-day em-cal-col-2\">\n\t\t\t\t\t\t\t<div class=\"em-cal-day-date\">\n\t\t\t\t\t<span>1<\/span>\n\t\t\t\t<\/div>\n\t\t\t\t\t<\/div>\n\t\t\t\t<div class=\"eventless-post em-cal-day em-cal-col-3\">\n\t\t\t\t\t\t\t<div class=\"em-cal-day-date\">\n\t\t\t\t\t<span>2<\/span>\n\t\t\t\t<\/div>\n\t\t\t\t\t<\/div>\n\t\t\t\t<div class=\"eventless-post em-cal-day em-cal-col-4\">\n\t\t\t\t\t\t\t<div class=\"em-cal-day-date\">\n\t\t\t\t\t<span>3<\/span>\n\t\t\t\t<\/div>\n\t\t\t\t\t<\/div>\n\t\t\t\t<div class=\"eventless-post em-cal-day em-cal-col-5\">\n\t\t\t\t\t\t\t<div class=\"em-cal-day-date\">\n\t\t\t\t\t<span>4<\/span>\n\t\t\t\t<\/div>\n\t\t\t\t\t<\/div>\n\t\t\t\t<div class=\"eventless-post em-cal-day em-cal-col-6\">\n\t\t\t\t\t\t\t<div class=\"em-cal-day-date\">\n\t\t\t\t\t<span>5<\/span>\n\t\t\t\t<\/div>\n\t\t\t\t\t<\/div>\n\t\t\t\t<div class=\"eventless-post em-cal-day em-cal-col-7\">\n\t\t\t\t\t\t\t<div class=\"em-cal-day-date\">\n\t\t\t\t\t<span>6<\/span>\n\t\t\t\t<\/div>\n\t\t\t\t\t<\/div>\n\t\t<\/section><section class=\"em-cal-events-content\" id=\"em-cal-events-content-392871537\">\n\t\t\t\t\t\t\t\t<div class=\"em-cal-event-content em em-event em-item\" data-event-id=\"110\" data-parent=\"em-cal-events-content-392871537\">\n\t\t\t\t\r\n<div class=\"em-item-info\">\r\n\t<div class=\"em-item-title em-event-title\"><a href=\"https:\/\/content.www.institutomaxilofacial.com\/es\/events\/xxvi-brazilian-congress-of-oral-and-maxillofacial-surgery-and-traumatology\/\">XXVI Brazilian Congress of Oral and Maxillofacial Surgery and Traumatology<\/a><\/div>\r\n\t<div class=\"em-event-meta em-item-meta\">\r\n\t\t<div class=\"em-item-meta-line em-event-date em-event-meta-datetime\">\r\n\t\t\t<span class=\"em-icon-calendar em-icon\"><\/span>\r\n\t\t\t03\/09\/2024 - 06\/09\/2024\u00a0\u00a0\u00a0\u00a0\r\n\t\t<\/div>\r\n\t\t<div class=\"em-item-meta-line em-event-time em-event-meta-datetime\">\r\n\t\t\t<span class=\"em-icon-clock em-icon\"><\/span>\r\n\t\t\tTodo el d\u00eda\r\n\t\t<\/div>\r\n\t\t\r\n\t\t\r\n\t\t<div class=\"em-item-meta-line em-event-location\">\r\n\t\t\t<span class=\"em-icon-location em-icon\"><\/span>\r\n\t\t\t<a href=\"https:\/\/content.www.institutomaxilofacial.com\/es\/locations\/prof-federico-hernandez-alfaro-75\/\">Prof. Federico Hernandez Alfaro<\/a>\r\n\t\t<\/div>\r\n\t\t\r\n\t\t\r\n\t\t\r\n\t\t\r\n\t<\/div>\r\n<\/div>\r\n<div class=\"em-item-desc\">Lecture: My twenty-year journey in minimally invasive orthofacial surgery<\/div>\r\n<div class=\"em-item-actions input\">\r\n\t<a class=\"em-event-read-more button\" href=\"https:\/\/content.www.institutomaxilofacial.com\/es\/events\/xxvi-brazilian-congress-of-oral-and-maxillofacial-surgery-and-traumatology\/\">M\u00e1s informaci\u00f3n<\/a>\r\n\t\r\n<\/div>\t\t\t<\/div>\n\t\t\t\t\t<div class=\"em-cal-event-content em em-event em-item\" data-event-id=\"117\" data-parent=\"em-cal-events-content-392871537\">\n\t\t\t\t\r\n<div class=\"em-item-info\">\r\n\t<div class=\"em-item-title em-event-title\"><a href=\"https:\/\/content.www.institutomaxilofacial.com\/es\/events\/27th-eacmfs-congress\/\"> 27th EACMFS Congress <\/a><\/div>\r\n\t<div class=\"em-event-meta em-item-meta\">\r\n\t\t<div class=\"em-item-meta-line em-event-date em-event-meta-datetime\">\r\n\t\t\t<span class=\"em-icon-calendar em-icon\"><\/span>\r\n\t\t\t16\/09\/2024 - 20\/09\/2024\u00a0\u00a0\u00a0\u00a0\r\n\t\t<\/div>\r\n\t\t<div class=\"em-item-meta-line em-event-time em-event-meta-datetime\">\r\n\t\t\t<span class=\"em-icon-clock em-icon\"><\/span>\r\n\t\t\t00:00\r\n\t\t<\/div>\r\n\t\t\r\n\t\t\r\n\t\t<div class=\"em-item-meta-line em-event-location\">\r\n\t\t\t<span class=\"em-icon-location em-icon\"><\/span>\r\n\t\t\t<a href=\"https:\/\/content.www.institutomaxilofacial.com\/es\/locations\/prof-federico-hernandez-alfaro-79\/\">Prof. Federico Hernandez Alfaro<\/a>\r\n\t\t<\/div>\r\n\t\t\r\n\t\t\r\n\t\t\r\n\t\t\r\n\t<\/div>\r\n<\/div>\r\n<div class=\"em-item-desc\">KEYNOTE LECTURE: \"Timing in orthognathic surgery\"<\/div>\r\n<div class=\"em-item-actions input\">\r\n\t<a class=\"em-event-read-more button\" href=\"https:\/\/content.www.institutomaxilofacial.com\/es\/events\/27th-eacmfs-congress\/\">M\u00e1s informaci\u00f3n<\/a>\r\n\t\r\n<\/div>\t\t\t<\/div>\n\t\t\t\t\t\t\t\t\t\t\t\t\t\t\t\t\t\t\t\t\t\t\t\t\t\t\t\t\t\t\t\t\t\t<div class=\"em pixelbones em-calendar-preview em-modal em-cal-date-content\" data-calendar-date=\"1725321600\" data-parent=\"em-cal-events-content-392871537\">\n\t<div class=\"em-modal-popup\">\n\t\t<header>\n\t\t\t<a class=\"em-close-modal\"><\/a><!-- close modal -->\n\t\t\t<div class=\"em-modal-title\">\n\t\t\t\tEvents on 03\/09\/2024\t\t\t<\/div>\n\t\t<\/header>\n\t\t<div class=\"em-modal-content em pixelbones em-calendar-preview em-list-widget em-events-widget\">\n\t\t\t\t\t\t\t<div class=\"em-item em-event\" style=\"--default-border:#27a7fb;\">\r\n\t<div class=\"em-item-image has-placeholder\" style=\"max-width:150px\">\r\n\t\t\r\n\t\t\r\n\t\t<div class=\"em-item-image-placeholder\">\r\n\t\t\t<div class=\"date\">\r\n\t\t\t\t<span class=\"day\">03<\/span>\r\n\t\t\t\t<span class=\"month\">Sep<\/span>\r\n\t\t\t<\/div>\r\n\t\t<\/div>\r\n\t\t\r\n\t<\/div>\r\n\t<div class=\"em-item-info\">\r\n\t\t<div class=\"em-item-name\"><a href=\"https:\/\/content.www.institutomaxilofacial.com\/es\/events\/xxvi-brazilian-congress-of-oral-and-maxillofacial-surgery-and-traumatology\/\">XXVI Brazilian Congress of Oral and Maxillofacial Surgery and Traumatology<\/a><\/div>\r\n\t\t<div class=\"em-item-meta\">\r\n\t\t\t<div class=\"em-item-meta-line em-event-date em-event-meta-datetime\">\r\n\t\t\t\t<span class=\"em-icon em-icon-calendar\"><\/span>\r\n\t\t\t\t<span>3 Sep 24<\/span>\r\n\t\t\t<\/div>\r\n\t\t\t<div class=\"em-item-meta-line em-event-location em-event-meta-location\">\r\n\t\t\t\t<span class=\"em-icon em-icon-location\"><\/span>\r\n\t\t\t\t<span>Par\u00e1<\/span>\r\n\t\t\t<\/div>\r\n\t\t<\/div>\r\n\t<\/div>\r\n<\/div>\t\t\t\t\t<\/div><!-- content -->\n\t\t\t<\/div><!-- modal -->\n<\/div>\t\t\t\t\t\t\t\t<div class=\"em pixelbones em-calendar-preview em-modal em-cal-date-content\" data-calendar-date=\"1725408000\" data-parent=\"em-cal-events-content-392871537\">\n\t<div class=\"em-modal-popup\">\n\t\t<header>\n\t\t\t<a class=\"em-close-modal\"><\/a><!-- close modal -->\n\t\t\t<div class=\"em-modal-title\">\n\t\t\t\tEvents on 04\/09\/2024\t\t\t<\/div>\n\t\t<\/header>\n\t\t<div class=\"em-modal-content em pixelbones em-calendar-preview em-list-widget em-events-widget\">\n\t\t\t\t\t\t\t<div class=\"em-item em-event\" style=\"--default-border:#27a7fb;\">\r\n\t<div class=\"em-item-image has-placeholder\" style=\"max-width:150px\">\r\n\t\t\r\n\t\t\r\n\t\t<div class=\"em-item-image-placeholder\">\r\n\t\t\t<div class=\"date\">\r\n\t\t\t\t<span class=\"day\">03<\/span>\r\n\t\t\t\t<span class=\"month\">Sep<\/span>\r\n\t\t\t<\/div>\r\n\t\t<\/div>\r\n\t\t\r\n\t<\/div>\r\n\t<div class=\"em-item-info\">\r\n\t\t<div class=\"em-item-name\"><a href=\"https:\/\/content.www.institutomaxilofacial.com\/es\/events\/xxvi-brazilian-congress-of-oral-and-maxillofacial-surgery-and-traumatology\/\">XXVI Brazilian Congress of Oral and Maxillofacial Surgery and Traumatology<\/a><\/div>\r\n\t\t<div class=\"em-item-meta\">\r\n\t\t\t<div class=\"em-item-meta-line em-event-date em-event-meta-datetime\">\r\n\t\t\t\t<span class=\"em-icon em-icon-calendar\"><\/span>\r\n\t\t\t\t<span>3 Sep 24<\/span>\r\n\t\t\t<\/div>\r\n\t\t\t<div class=\"em-item-meta-line em-event-location em-event-meta-location\">\r\n\t\t\t\t<span class=\"em-icon em-icon-location\"><\/span>\r\n\t\t\t\t<span>Par\u00e1<\/span>\r\n\t\t\t<\/div>\r\n\t\t<\/div>\r\n\t<\/div>\r\n<\/div>\t\t\t\t\t<\/div><!-- content -->\n\t\t\t<\/div><!-- modal -->\n<\/div>\t\t\t\t\t\t\t\t<div class=\"em pixelbones em-calendar-preview em-modal em-cal-date-content\" data-calendar-date=\"1725494400\" data-parent=\"em-cal-events-content-392871537\">\n\t<div class=\"em-modal-popup\">\n\t\t<header>\n\t\t\t<a class=\"em-close-modal\"><\/a><!-- close modal -->\n\t\t\t<div class=\"em-modal-title\">\n\t\t\t\tEvents on 05\/09\/2024\t\t\t<\/div>\n\t\t<\/header>\n\t\t<div class=\"em-modal-content em pixelbones em-calendar-preview em-list-widget em-events-widget\">\n\t\t\t\t\t\t\t<div class=\"em-item em-event\" style=\"--default-border:#27a7fb;\">\r\n\t<div class=\"em-item-image has-placeholder\" style=\"max-width:150px\">\r\n\t\t\r\n\t\t\r\n\t\t<div class=\"em-item-image-placeholder\">\r\n\t\t\t<div class=\"date\">\r\n\t\t\t\t<span class=\"day\">03<\/span>\r\n\t\t\t\t<span class=\"month\">Sep<\/span>\r\n\t\t\t<\/div>\r\n\t\t<\/div>\r\n\t\t\r\n\t<\/div>\r\n\t<div class=\"em-item-info\">\r\n\t\t<div class=\"em-item-name\"><a href=\"https:\/\/content.www.institutomaxilofacial.com\/es\/events\/xxvi-brazilian-congress-of-oral-and-maxillofacial-surgery-and-traumatology\/\">XXVI Brazilian Congress of Oral and Maxillofacial Surgery and Traumatology<\/a><\/div>\r\n\t\t<div class=\"em-item-meta\">\r\n\t\t\t<div class=\"em-item-meta-line em-event-date em-event-meta-datetime\">\r\n\t\t\t\t<span class=\"em-icon em-icon-calendar\"><\/span>\r\n\t\t\t\t<span>3 Sep 24<\/span>\r\n\t\t\t<\/div>\r\n\t\t\t<div class=\"em-item-meta-line em-event-location em-event-meta-location\">\r\n\t\t\t\t<span class=\"em-icon em-icon-location\"><\/span>\r\n\t\t\t\t<span>Par\u00e1<\/span>\r\n\t\t\t<\/div>\r\n\t\t<\/div>\r\n\t<\/div>\r\n<\/div>\t\t\t\t\t<\/div><!-- content -->\n\t\t\t<\/div><!-- modal -->\n<\/div>\t\t\t\t\t\t\t\t<div class=\"em pixelbones em-calendar-preview em-modal em-cal-date-content\" data-calendar-date=\"1725580800\" data-parent=\"em-cal-events-content-392871537\">\n\t<div class=\"em-modal-popup\">\n\t\t<header>\n\t\t\t<a class=\"em-close-modal\"><\/a><!-- close modal -->\n\t\t\t<div class=\"em-modal-title\">\n\t\t\t\tEvents on 06\/09\/2024\t\t\t<\/div>\n\t\t<\/header>\n\t\t<div class=\"em-modal-content em pixelbones em-calendar-preview em-list-widget em-events-widget\">\n\t\t\t\t\t\t\t<div class=\"em-item em-event\" style=\"--default-border:#27a7fb;\">\r\n\t<div class=\"em-item-image has-placeholder\" style=\"max-width:150px\">\r\n\t\t\r\n\t\t\r\n\t\t<div class=\"em-item-image-placeholder\">\r\n\t\t\t<div class=\"date\">\r\n\t\t\t\t<span class=\"day\">03<\/span>\r\n\t\t\t\t<span class=\"month\">Sep<\/span>\r\n\t\t\t<\/div>\r\n\t\t<\/div>\r\n\t\t\r\n\t<\/div>\r\n\t<div class=\"em-item-info\">\r\n\t\t<div class=\"em-item-name\"><a href=\"https:\/\/content.www.institutomaxilofacial.com\/es\/events\/xxvi-brazilian-congress-of-oral-and-maxillofacial-surgery-and-traumatology\/\">XXVI Brazilian Congress of Oral and Maxillofacial Surgery and Traumatology<\/a><\/div>\r\n\t\t<div class=\"em-item-meta\">\r\n\t\t\t<div class=\"em-item-meta-line em-event-date em-event-meta-datetime\">\r\n\t\t\t\t<span class=\"em-icon em-icon-calendar\"><\/span>\r\n\t\t\t\t<span>3 Sep 24<\/span>\r\n\t\t\t<\/div>\r\n\t\t\t<div class=\"em-item-meta-line em-event-location em-event-meta-location\">\r\n\t\t\t\t<span class=\"em-icon em-icon-location\"><\/span>\r\n\t\t\t\t<span>Par\u00e1<\/span>\r\n\t\t\t<\/div>\r\n\t\t<\/div>\r\n\t<\/div>\r\n<\/div>\t\t\t\t\t<\/div><!-- content -->\n\t\t\t<\/div><!-- modal -->\n<\/div>\t\t\t\t\t\t\t\t\t\t\t\t\t\t\t\t\t\t\t\t\t\t\t\t\t\t\t\t\t\t\t\t\t\t\t<div class=\"em pixelbones em-calendar-preview em-modal em-cal-date-content\" data-calendar-date=\"1726444800\" data-parent=\"em-cal-events-content-392871537\">\n\t<div class=\"em-modal-popup\">\n\t\t<header>\n\t\t\t<a class=\"em-close-modal\"><\/a><!-- close modal -->\n\t\t\t<div class=\"em-modal-title\">\n\t\t\t\tEvents on 16\/09\/2024\t\t\t<\/div>\n\t\t<\/header>\n\t\t<div class=\"em-modal-content em pixelbones em-calendar-preview em-list-widget em-events-widget\">\n\t\t\t\t\t\t\t<div class=\"em-item em-event\" style=\"--default-border:#27a7fb;\">\r\n\t<div class=\"em-item-image has-placeholder\" style=\"max-width:150px\">\r\n\t\t\r\n\t\t\r\n\t\t<div class=\"em-item-image-placeholder\">\r\n\t\t\t<div class=\"date\">\r\n\t\t\t\t<span class=\"day\">16<\/span>\r\n\t\t\t\t<span class=\"month\">Sep<\/span>\r\n\t\t\t<\/div>\r\n\t\t<\/div>\r\n\t\t\r\n\t<\/div>\r\n\t<div class=\"em-item-info\">\r\n\t\t<div class=\"em-item-name\"><a href=\"https:\/\/content.www.institutomaxilofacial.com\/es\/events\/27th-eacmfs-congress\/\"> 27th EACMFS Congress <\/a><\/div>\r\n\t\t<div class=\"em-item-meta\">\r\n\t\t\t<div class=\"em-item-meta-line em-event-date em-event-meta-datetime\">\r\n\t\t\t\t<span class=\"em-icon em-icon-calendar\"><\/span>\r\n\t\t\t\t<span>16 Sep 24<\/span>\r\n\t\t\t<\/div>\r\n\t\t\t<div class=\"em-item-meta-line em-event-location em-event-meta-location\">\r\n\t\t\t\t<span class=\"em-icon em-icon-location\"><\/span>\r\n\t\t\t\t<span>Roma<\/span>\r\n\t\t\t<\/div>\r\n\t\t<\/div>\r\n\t<\/div>\r\n<\/div>\t\t\t\t\t<\/div><!-- content -->\n\t\t\t<\/div><!-- modal -->\n<\/div>\t\t\t\t\t\t\t\t<div class=\"em pixelbones em-calendar-preview em-modal em-cal-date-content\" data-calendar-date=\"1726531200\" data-parent=\"em-cal-events-content-392871537\">\n\t<div class=\"em-modal-popup\">\n\t\t<header>\n\t\t\t<a class=\"em-close-modal\"><\/a><!-- close modal -->\n\t\t\t<div class=\"em-modal-title\">\n\t\t\t\tEvents on 17\/09\/2024\t\t\t<\/div>\n\t\t<\/header>\n\t\t<div class=\"em-modal-content em pixelbones em-calendar-preview em-list-widget em-events-widget\">\n\t\t\t\t\t\t\t<div class=\"em-item em-event\" style=\"--default-border:#27a7fb;\">\r\n\t<div class=\"em-item-image has-placeholder\" style=\"max-width:150px\">\r\n\t\t\r\n\t\t\r\n\t\t<div class=\"em-item-image-placeholder\">\r\n\t\t\t<div class=\"date\">\r\n\t\t\t\t<span class=\"day\">16<\/span>\r\n\t\t\t\t<span class=\"month\">Sep<\/span>\r\n\t\t\t<\/div>\r\n\t\t<\/div>\r\n\t\t\r\n\t<\/div>\r\n\t<div class=\"em-item-info\">\r\n\t\t<div class=\"em-item-name\"><a href=\"https:\/\/content.www.institutomaxilofacial.com\/es\/events\/27th-eacmfs-congress\/\"> 27th EACMFS Congress <\/a><\/div>\r\n\t\t<div class=\"em-item-meta\">\r\n\t\t\t<div class=\"em-item-meta-line em-event-date em-event-meta-datetime\">\r\n\t\t\t\t<span class=\"em-icon em-icon-calendar\"><\/span>\r\n\t\t\t\t<span>16 Sep 24<\/span>\r\n\t\t\t<\/div>\r\n\t\t\t<div class=\"em-item-meta-line em-event-location em-event-meta-location\">\r\n\t\t\t\t<span class=\"em-icon em-icon-location\"><\/span>\r\n\t\t\t\t<span>Roma<\/span>\r\n\t\t\t<\/div>\r\n\t\t<\/div>\r\n\t<\/div>\r\n<\/div>\t\t\t\t\t<\/div><!-- content -->\n\t\t\t<\/div><!-- modal -->\n<\/div>\t\t\t\t\t\t\t\t<div class=\"em pixelbones em-calendar-preview em-modal em-cal-date-content\" data-calendar-date=\"1726617600\" data-parent=\"em-cal-events-content-392871537\">\n\t<div class=\"em-modal-popup\">\n\t\t<header>\n\t\t\t<a class=\"em-close-modal\"><\/a><!-- close modal -->\n\t\t\t<div class=\"em-modal-title\">\n\t\t\t\tEvents on 18\/09\/2024\t\t\t<\/div>\n\t\t<\/header>\n\t\t<div class=\"em-modal-content em pixelbones em-calendar-preview em-list-widget em-events-widget\">\n\t\t\t\t\t\t\t<div class=\"em-item em-event\" style=\"--default-border:#27a7fb;\">\r\n\t<div class=\"em-item-image has-placeholder\" style=\"max-width:150px\">\r\n\t\t\r\n\t\t\r\n\t\t<div class=\"em-item-image-placeholder\">\r\n\t\t\t<div class=\"date\">\r\n\t\t\t\t<span class=\"day\">16<\/span>\r\n\t\t\t\t<span class=\"month\">Sep<\/span>\r\n\t\t\t<\/div>\r\n\t\t<\/div>\r\n\t\t\r\n\t<\/div>\r\n\t<div class=\"em-item-info\">\r\n\t\t<div class=\"em-item-name\"><a href=\"https:\/\/content.www.institutomaxilofacial.com\/es\/events\/27th-eacmfs-congress\/\"> 27th EACMFS Congress <\/a><\/div>\r\n\t\t<div class=\"em-item-meta\">\r\n\t\t\t<div class=\"em-item-meta-line em-event-date em-event-meta-datetime\">\r\n\t\t\t\t<span class=\"em-icon em-icon-calendar\"><\/span>\r\n\t\t\t\t<span>16 Sep 24<\/span>\r\n\t\t\t<\/div>\r\n\t\t\t<div class=\"em-item-meta-line em-event-location em-event-meta-location\">\r\n\t\t\t\t<span class=\"em-icon em-icon-location\"><\/span>\r\n\t\t\t\t<span>Roma<\/span>\r\n\t\t\t<\/div>\r\n\t\t<\/div>\r\n\t<\/div>\r\n<\/div>\t\t\t\t\t<\/div><!-- content -->\n\t\t\t<\/div><!-- modal -->\n<\/div>\t\t\t\t\t\t\t\t<div class=\"em pixelbones em-calendar-preview em-modal em-cal-date-content\" data-calendar-date=\"1726704000\" data-parent=\"em-cal-events-content-392871537\">\n\t<div class=\"em-modal-popup\">\n\t\t<header>\n\t\t\t<a class=\"em-close-modal\"><\/a><!-- close modal -->\n\t\t\t<div class=\"em-modal-title\">\n\t\t\t\tEvents on 19\/09\/2024\t\t\t<\/div>\n\t\t<\/header>\n\t\t<div class=\"em-modal-content em pixelbones em-calendar-preview em-list-widget em-events-widget\">\n\t\t\t\t\t\t\t<div class=\"em-item em-event\" style=\"--default-border:#27a7fb;\">\r\n\t<div class=\"em-item-image has-placeholder\" style=\"max-width:150px\">\r\n\t\t\r\n\t\t\r\n\t\t<div class=\"em-item-image-placeholder\">\r\n\t\t\t<div class=\"date\">\r\n\t\t\t\t<span class=\"day\">16<\/span>\r\n\t\t\t\t<span class=\"month\">Sep<\/span>\r\n\t\t\t<\/div>\r\n\t\t<\/div>\r\n\t\t\r\n\t<\/div>\r\n\t<div class=\"em-item-info\">\r\n\t\t<div class=\"em-item-name\"><a href=\"https:\/\/content.www.institutomaxilofacial.com\/es\/events\/27th-eacmfs-congress\/\"> 27th EACMFS Congress <\/a><\/div>\r\n\t\t<div class=\"em-item-meta\">\r\n\t\t\t<div class=\"em-item-meta-line em-event-date em-event-meta-datetime\">\r\n\t\t\t\t<span class=\"em-icon em-icon-calendar\"><\/span>\r\n\t\t\t\t<span>16 Sep 24<\/span>\r\n\t\t\t<\/div>\r\n\t\t\t<div class=\"em-item-meta-line em-event-location em-event-meta-location\">\r\n\t\t\t\t<span class=\"em-icon em-icon-location\"><\/span>\r\n\t\t\t\t<span>Roma<\/span>\r\n\t\t\t<\/div>\r\n\t\t<\/div>\r\n\t<\/div>\r\n<\/div>\t\t\t\t\t<\/div><!-- content -->\n\t\t\t<\/div><!-- modal -->\n<\/div>\t\t\t\t\t\t\t\t<div class=\"em pixelbones em-calendar-preview em-modal em-cal-date-content\" data-calendar-date=\"1726790400\" data-parent=\"em-cal-events-content-392871537\">\n\t<div class=\"em-modal-popup\">\n\t\t<header>\n\t\t\t<a class=\"em-close-modal\"><\/a><!-- close modal -->\n\t\t\t<div class=\"em-modal-title\">\n\t\t\t\tEvents on 20\/09\/2024\t\t\t<\/div>\n\t\t<\/header>\n\t\t<div class=\"em-modal-content em pixelbones em-calendar-preview em-list-widget em-events-widget\">\n\t\t\t\t\t\t\t<div class=\"em-item em-event\" style=\"--default-border:#27a7fb;\">\r\n\t<div class=\"em-item-image has-placeholder\" style=\"max-width:150px\">\r\n\t\t\r\n\t\t\r\n\t\t<div class=\"em-item-image-placeholder\">\r\n\t\t\t<div class=\"date\">\r\n\t\t\t\t<span class=\"day\">16<\/span>\r\n\t\t\t\t<span class=\"month\">Sep<\/span>\r\n\t\t\t<\/div>\r\n\t\t<\/div>\r\n\t\t\r\n\t<\/div>\r\n\t<div class=\"em-item-info\">\r\n\t\t<div class=\"em-item-name\"><a href=\"https:\/\/content.www.institutomaxilofacial.com\/es\/events\/27th-eacmfs-congress\/\"> 27th EACMFS Congress <\/a><\/div>\r\n\t\t<div class=\"em-item-meta\">\r\n\t\t\t<div class=\"em-item-meta-line em-event-date em-event-meta-datetime\">\r\n\t\t\t\t<span class=\"em-icon em-icon-calendar\"><\/span>\r\n\t\t\t\t<span>16 Sep 24<\/span>\r\n\t\t\t<\/div>\r\n\t\t\t<div class=\"em-item-meta-line em-event-location em-event-meta-location\">\r\n\t\t\t\t<span class=\"em-icon em-icon-location\"><\/span>\r\n\t\t\t\t<span>Roma<\/span>\r\n\t\t\t<\/div>\r\n\t\t<\/div>\r\n\t<\/div>\r\n<\/div>\t\t\t\t\t<\/div><!-- content -->\n\t\t\t<\/div><!-- modal -->\n<\/div>\t\t\t\t\t\t\t\t\t\t\t\t\t\t\t\t\t\t\t\t\t\t\t\t\t\t\t\t\t\t\t\t\t\t\t\t\t\t\t\t\t\t\t\t\t\t\t\t\t\t\t<\/section><\/div>\n<script>\n\t{\n\t\tlet el = document.getElementById('em-calendar-392871537').querySelector('.em-cal-body');\n\t\tlet width = el.firstElementChild.getBoundingClientRect().width;\n\t\tif (width > 0) {\n\t\t\tel.style.setProperty('--grid-auto-rows', 'minmax(' + width + 'px, auto)');\n\t\t}\n\t}\n<\/script>\t\t\t<div class=\"em-view-custom-data\" id=\"em-view-custom-data-392871537\">\r\n\t\t\t\t\t\t\t\t<form class=\"em-view-custom-data-search\" id=\"em-view-custom-data-search-392871537\">\r\n\t\t\t\t\t\t\t\t\t\t<input type=\"hidden\" name=\"long_events\" value=\"1\">\r\n\t\t\t\t\t\t\t\t\t\t<input type=\"hidden\" name=\"limit\" value=\"3\">\r\n\t\t\t\t\t\t\t\t\t\t<input type=\"hidden\" name=\"timezone\" value=\"0\">\r\n\t\t\t\t\t\t\t\t\t\t<input type=\"hidden\" name=\"order\" value=\"ASC\">\r\n\t\t\t\t\t\t\t\t\t\t<input type=\"hidden\" name=\"orderby\" value=\"event_start\">\r\n\t\t\t\t\t\t\t\t\t\t<input type=\"hidden\" name=\"groupby\" value=\"0\">\r\n\t\t\t\t\t\t\t\t\t\t<input type=\"hidden\" name=\"groupby_orderby\" value=\"0\">\r\n\t\t\t\t\t\t\t\t\t\t<input type=\"hidden\" name=\"groupby_order\" value=\"ASC\">\r\n\t\t\t\t\t\t\t\t\t\t<input type=\"hidden\" name=\"format\" value=\"\">\r\n\t\t\t\t\t\t\t\t\t\t<input type=\"hidden\" name=\"format_header\" value=\"\">\r\n\t\t\t\t\t\t\t\t\t\t<input type=\"hidden\" name=\"format_footer\" value=\"\">\r\n\t\t\t\t\t\t\t\t\t\t<input type=\"hidden\" name=\"no_results_msg\" value=\"\">\r\n\t\t\t\t\t\t\t\t\t\t<input type=\"hidden\" name=\"location\" value=\"0\">\r\n\t\t\t\t\t\t\t\t\t\t<input type=\"hidden\" name=\"event\" value=\"0\">\r\n\t\t\t\t\t\t\t\t\t\t<input type=\"hidden\" name=\"event_status\" value=\"0\">\r\n\t\t\t\t\t\t\t\t\t\t<input type=\"hidden\" name=\"location_status\" value=\"0\">\r\n\t\t\t\t\t\t\t\t\t\t<input type=\"hidden\" name=\"page_queryvar\" value=\"\">\r\n\t\t\t\t\t\t\t\t\t\t<input type=\"hidden\" name=\"recurrence\" value=\"0\">\r\n\t\t\t\t\t\t\t\t\t\t<input type=\"hidden\" name=\"recurrences\" value=\"\">\r\n\t\t\t\t\t\t\t\t\t\t<input type=\"hidden\" name=\"recurring\" value=\"0\">\r\n\t\t\t\t\t\t\t\t\t\t<input type=\"hidden\" name=\"owner\" value=\"0\">\r\n\t\t\t\t\t\t\t\t\t\t<input type=\"hidden\" name=\"bookings\" value=\"0\">\r\n\t\t\t\t\t\t\t\t\t\t<input type=\"hidden\" name=\"language\" value=\"\">\r\n\t\t\t\t\t\t\t\t\t\t<input type=\"hidden\" name=\"status\" value=\"1\">\r\n\t\t\t\t\t\t\t\t\t\t<input type=\"hidden\" name=\"blog\" value=\"1\">\r\n\t\t\t\t\t\t\t\t\t\t<input type=\"hidden\" name=\"number_of_weeks\" value=\"0\">\r\n\t\t\t\t\t\t\t\t\t\t<input type=\"hidden\" name=\"post_id\" value=\"0\">\r\n\t\t\t\t\t\t\t\t\t\t<input type=\"hidden\" name=\"id\" value=\"392871537\">\r\n\t\t\t\t\t\t\t\t\t\t<input type=\"hidden\" name=\"scope\" value=\"2024-08-26,2024-10-06\">\r\n\t\t\t\t\t\t\t\t\t\t<input type=\"hidden\" name=\"year\" value=\"2024\">\r\n\t\t\t\t\t\t\t\t\t\t<input type=\"hidden\" name=\"month\" value=\"9\">\r\n\t\t\t\t\t\t\t\t\t\t<input type=\"hidden\" name=\"calendar_size\" value=\"large\">\r\n\t\t\t\t\t\t\t\t\t\t<input type=\"hidden\" name=\"has_advanced_trigger\" value=\"0\">\r\n\t\t\t\t\t\t\t\t\t<\/form>\r\n\t\t\t\t<form class=\"em-view-custom-data-calendar\" id=\"em-view-custom-data-calendar-392871537\">\r\n\t\t\t\t\t\t\t\t\t\t\t<input type=\"hidden\" name=\"id\" value=\"392871537\">\r\n\t\t\t\t\t\t\t\t\t\t\t<input type=\"hidden\" name=\"scope\" value=\"2024-08-26,2024-10-06\">\r\n\t\t\t\t\t\t\t\t\t\t\t<input type=\"hidden\" name=\"year\" value=\"2024\">\r\n\t\t\t\t\t\t\t\t\t\t\t<input type=\"hidden\" name=\"month\" value=\"9\">\r\n\t\t\t\t\t\t\t\t\t\t\t<input type=\"hidden\" name=\"calendar_size\" value=\"large\">\r\n\t\t\t\t\t\t\t\t\t\t\t<input type=\"hidden\" name=\"has_advanced_trigger\" value=\"0\">\r\n\t\t\t\t\t\t\t\t\t<\/form>\r\n\t\t\t<\/div>\r\n\t\t<\/div>\r\n\t\t<\/div>\n<\/div>\n<p><\/p>","protected":false},"excerpt":{"rendered":"<p>\t\t\tHoy\t\t<\/p>\n<p>\t\t\tlunes<br \/>\n\t\t\t\tmartes<br \/>\n\t\t\t\tmi\u00e9rcoles<br \/>\n\t\t\t\tjueves<br \/>\n\t\t\t\tviernes<br \/>\n\t\t\t\ts\u00e1bado<br \/>\n\t\t\t\tdomingo<\/p>\n<p>\t\t\tl<br \/>\n\t\t\t\tm<br \/>\n\t\t\t\tm<br \/>\n\t\t\t\tj<br \/>\n\t\t\t\tv<br \/>\n\t\t\t\ts<br \/>\n\t\t\t\td<\/p>\n<p>\t\t\t\t\t26<\/p>\n<p>\t\t\t\t\t27<\/p>\n<p>\t\t\t\t\t28<\/p>\n<p>\t\t\t\t\t29<\/p>\n<p>\t\t\t\t\t30<\/p>\n<p>\t\t\t\t\t31<\/p>\n<p>\t\t\t\t\t1<\/p>\n<p>\t\t\t\t\t2<\/p>\n<p>\t\t\t\t\t3<\/p>\n<p>\t\t\t\t\t\t\t\t12:00 AM &#8211; XXVI Brazilian Congress of Oral and Maxillofacial Surgery and Traumatology\t\t\t\t\t\t\t<\/p>\n<p>\t\t\t\t\t4<\/p>\n<p>\t\t\t\t\t5<\/p>\n<p>\t\t\t\t\t6<\/p>\n<p>\t\t\t\t\t7<\/p>\n<p>\t\t\t\t\t8<\/p>\n<p>\t\t\t\t\t9<\/p>\n<p>\t\t\t\t\t10<\/p>\n<p>\t\t\t\t\t11<\/p>\n<p>\t\t\t\t\t12<\/p>\n<p>\t\t\t\t\t13<\/p>\n<p>\t\t\t\t\t14<\/p>\n<p>\t\t\t\t\t15<\/p>\n<p>\t\t\t\t\t16<\/p>\n<p>\t\t\t\t\t\t\t\t12:00 AM &#8211;  27th EACMFS Congress \t\t\t\t\t\t\t<\/p>\n<p>\t\t\t\t\t17<\/p>\n<p>\t\t\t\t\t18<\/p>\n<p>\t\t\t\t\t19<\/p>\n<p>\t\t\t\t\t20<\/p>\n<p>\t\t\t\t\t21<\/p>\n<p>\t\t\t\t\t22<\/p>\n<p>\t\t\t\t\t23<\/p>\n<p>\t\t\t\t\t24<\/p>\n<p>\t\t\t\t\t25<\/p>\n<p>\t\t\t\t\t26<\/p>\n<p>\t\t\t\t\t27<\/p>\n<p>\t\t\t\t\t28<\/p>\n<p>\t\t\t\t\t29<\/p>\n<p>\t\t\t\t\t30<\/p>\n<p>\t\t\t\t\t1<\/p>\n<p>\t\t\t\t\t2<\/p>\n<p>\t\t\t\t\t3<\/p>\n<p>\t\t\t\t\t4<\/p>\n<p>\t\t\t\t\t5<\/p>\n<p>\t\t\t\t\t6<\/p>\n<p>\tXXVI Brazilian Congress of Oral and Maxillofacial Surgery and Traumatology<\/p>\n<p>\t\t\t03\/09\/2024 &#8211; 06\/09\/2024\u00a0\u00a0\u00a0\u00a0<\/p>\n<p>\t\t\tTodo el d\u00eda<\/p>\n<p>\t\t\tProf. Federico Hernandez Alfaro<\/p>\n<p>Lecture: My twenty-year journey in minimally invasive orthofacial surgery<\/p>\n<p>\tM\u00e1s informaci\u00f3n<\/p>\n<p>\t &#8230;<\/p>\n","protected":false},"author":1,"featured_media":0,"parent":0,"menu_order":0,"comment_status":"closed","ping_status":"closed","template":"","meta":{"footnotes":""},"class_list":["post-14875","page","type-page","status-publish","hentry"],"yoast_head":"<!-- This site is optimized with the Yoast SEO plugin v27.4 - https:\/\/yoast.com\/product\/yoast-seo-wordpress\/ -->\n<title>P\u00e1gina de prueba - Instituto Maxilofacial<\/title>\n<meta name=\"robots\" content=\"index, follow, max-snippet:-1, max-image-preview:large, max-video-preview:-1\" \/>\n<link rel=\"canonical\" href=\"https:\/\/content.www.institutomaxilofacial.com\/es\/wp-json\/wp\/v2\/pages\/14875\/\" \/>\n<meta property=\"og:locale\" content=\"es_ES\" \/>\n<meta property=\"og:type\" content=\"article\" \/>\n<meta property=\"og:title\" content=\"P\u00e1gina de prueba - Instituto Maxilofacial\" \/>\n<meta property=\"og:description\" content=\"Hoy          lunes   martes   mi\u00e9rcoles   jueves   viernes   s\u00e1bado   domingo    l   m   m   j   v   s   d           26               27               28               29               30               31               1               2               3                12:00 AM - XXVI Brazilian Congress of Oral and Maxillofacial Surgery and Traumatology                        4                        5                        6                        7               8               9               10               11               12               13               14               15               16                12:00 AM - 27th EACMFS Congress                        17                        18                        19                        20                        21               22               23               24               25               26               27               28               29               30               1               2               3               4               5               6                 XXVI Brazilian Congress of Oral and Maxillofacial Surgery and Traumatology         03\/09\/2024 - 06\/09\/2024\u00a0\u00a0\u00a0\u00a0         Todo el d\u00eda             Prof. Federico Hernandez Alfaro              Lecture: My twenty-year journey in minimally invasive orthofacial surgery   M\u00e1s informaci\u00f3n             ...\" \/>\n<meta property=\"og:url\" content=\"https:\/\/content.www.institutomaxilofacial.com\/es\/pagina-de-prueba\/\" \/>\n<meta property=\"og:site_name\" content=\"Instituto Maxilofacial\" \/>\n<meta name=\"twitter:card\" content=\"summary_large_image\" \/>\n<meta name=\"twitter:label1\" content=\"Tiempo de lectura\" \/>\n\t<meta name=\"twitter:data1\" content=\"1 minuto\" \/>\n<script type=\"application\/ld+json\" class=\"yoast-schema-graph\">{\"@context\":\"https:\\\/\\\/schema.org\",\"@graph\":[{\"@type\":\"WebPage\",\"@id\":\"https:\\\/\\\/content.www.institutomaxilofacial.com\\\/es\\\/pagina-de-prueba\\\/\",\"url\":\"https:\\\/\\\/content.www.institutomaxilofacial.com\\\/es\\\/pagina-de-prueba\\\/\",\"name\":\"P\u00e1gina de prueba - Instituto Maxilofacial\",\"isPartOf\":{\"@id\":\"https:\\\/\\\/content.www.institutomaxilofacial.com\\\/ca\\\/#website\"},\"datePublished\":\"2024-08-06T07:39:21+00:00\",\"breadcrumb\":{\"@id\":\"https:\\\/\\\/content.www.institutomaxilofacial.com\\\/es\\\/pagina-de-prueba\\\/#breadcrumb\"},\"inLanguage\":\"es\",\"potentialAction\":[{\"@type\":\"ReadAction\",\"target\":[\"https:\\\/\\\/content.www.institutomaxilofacial.com\\\/es\\\/pagina-de-prueba\\\/\"]}]},{\"@type\":\"BreadcrumbList\",\"@id\":\"https:\\\/\\\/content.www.institutomaxilofacial.com\\\/es\\\/pagina-de-prueba\\\/#breadcrumb\",\"itemListElement\":[{\"@type\":\"ListItem\",\"position\":1,\"name\":\"Portada\",\"item\":\"https:\\\/\\\/content.www.institutomaxilofacial.com\\\/es\\\/\"},{\"@type\":\"ListItem\",\"position\":2,\"name\":\"P\u00e1gina de prueba\"}]},{\"@type\":\"WebSite\",\"@id\":\"https:\\\/\\\/content.www.institutomaxilofacial.com\\\/ca\\\/#website\",\"url\":\"https:\\\/\\\/content.www.institutomaxilofacial.com\\\/ca\\\/\",\"name\":\"Instituto Maxilofacial\",\"description\":\"Expertos en Cirug\u00eda Ortogn\u00e1tica y Ortofacial.  Precisi\u00f3n, experiencia y pasi\u00f3n por la innovaci\u00f3n\",\"potentialAction\":[{\"@type\":\"SearchAction\",\"target\":{\"@type\":\"EntryPoint\",\"urlTemplate\":\"https:\\\/\\\/content.www.institutomaxilofacial.com\\\/ca\\\/?s={search_term_string}\"},\"query-input\":{\"@type\":\"PropertyValueSpecification\",\"valueRequired\":true,\"valueName\":\"search_term_string\"}}],\"inLanguage\":\"es\"}]}<\/script>\n<!-- \/ Yoast SEO plugin. -->","yoast_head_json":{"title":"P\u00e1gina de prueba - Instituto Maxilofacial","robots":{"index":"index","follow":"follow","max-snippet":"max-snippet:-1","max-image-preview":"max-image-preview:large","max-video-preview":"max-video-preview:-1"},"canonical":"https:\/\/content.www.institutomaxilofacial.com\/es\/wp-json\/wp\/v2\/pages\/14875\/","og_locale":"es_ES","og_type":"article","og_title":"P\u00e1gina de prueba - Instituto Maxilofacial","og_description":"Hoy          lunes   martes   mi\u00e9rcoles   jueves   viernes   s\u00e1bado   domingo    l   m   m   j   v   s   d           26               27               28               29               30               31               1               2               3                12:00 AM - XXVI Brazilian Congress of Oral and Maxillofacial Surgery and Traumatology                        4                        5                        6                        7               8               9               10               11               12               13               14               15               16                12:00 AM - 27th EACMFS Congress                        17                        18                        19                        20                        21               22               23               24               25               26               27               28               29               30               1               2               3               4               5               6                 XXVI Brazilian Congress of Oral and Maxillofacial Surgery and Traumatology         03\/09\/2024 - 06\/09\/2024\u00a0\u00a0\u00a0\u00a0         Todo el d\u00eda             Prof. Federico Hernandez Alfaro              Lecture: My twenty-year journey in minimally invasive orthofacial surgery   M\u00e1s informaci\u00f3n             ...","og_url":"https:\/\/content.www.institutomaxilofacial.com\/es\/pagina-de-prueba\/","og_site_name":"Instituto Maxilofacial","twitter_card":"summary_large_image","twitter_misc":{"Tiempo de lectura":"1 minuto"},"schema":{"@context":"https:\/\/schema.org","@graph":[{"@type":"WebPage","@id":"https:\/\/content.www.institutomaxilofacial.com\/es\/pagina-de-prueba\/","url":"https:\/\/content.www.institutomaxilofacial.com\/es\/pagina-de-prueba\/","name":"P\u00e1gina de prueba - Instituto Maxilofacial","isPartOf":{"@id":"https:\/\/content.www.institutomaxilofacial.com\/ca\/#website"},"datePublished":"2024-08-06T07:39:21+00:00","breadcrumb":{"@id":"https:\/\/content.www.institutomaxilofacial.com\/es\/pagina-de-prueba\/#breadcrumb"},"inLanguage":"es","potentialAction":[{"@type":"ReadAction","target":["https:\/\/content.www.institutomaxilofacial.com\/es\/pagina-de-prueba\/"]}]},{"@type":"BreadcrumbList","@id":"https:\/\/content.www.institutomaxilofacial.com\/es\/pagina-de-prueba\/#breadcrumb","itemListElement":[{"@type":"ListItem","position":1,"name":"Portada","item":"https:\/\/content.www.institutomaxilofacial.com\/es\/"},{"@type":"ListItem","position":2,"name":"P\u00e1gina de prueba"}]},{"@type":"WebSite","@id":"https:\/\/content.www.institutomaxilofacial.com\/ca\/#website","url":"https:\/\/content.www.institutomaxilofacial.com\/ca\/","name":"Instituto Maxilofacial","description":"Expertos en Cirug\u00eda Ortogn\u00e1tica y Ortofacial.  Precisi\u00f3n, experiencia y pasi\u00f3n por la innovaci\u00f3n","potentialAction":[{"@type":"SearchAction","target":{"@type":"EntryPoint","urlTemplate":"https:\/\/content.www.institutomaxilofacial.com\/ca\/?s={search_term_string}"},"query-input":{"@type":"PropertyValueSpecification","valueRequired":true,"valueName":"search_term_string"}}],"inLanguage":"es"}]}},"meta_box":{"caso-clinico-taxonomy":[],"caso-clinico-casos":[],"categoria-home-header-title":"","categoria-home-header-image":[],"categoria-home-intro-text":"","cta-cita-title":"","cta-cita-text":"","cta-cita-button-text":"","cta-cita-button-link":"","cta-cita-button-link-external":"","cta-cita-image":[],"cta-cita-image-mobile":[],"categoria-page-info-title":"","categoria-page-info-image":[],"categoria-page-header-title":"","categoria-page-header-image":[],"categoria-page-intro-text":"","categoria-page-intro-image":[],"categoria-page-intro-image-mobile":[],"categoria-page-intro-image-position":"","categoria-page-intro-image-position-mobile":"","categoria-page-intro-content":"","categoria-page-intro-highlights":[],"categoria-page-blocks":[],"categoria-page-benefits-active":"","categoria-page-benefits-title":"","categoria-page-benefits-text":"","categoria-page-benefits-image":[],"categoria-page-benefits-image-mobile":[],"categoria-page-button-text":"","categoria-page-button-link":"","categoria-page-button-link-external":"","categoria-page-cta1-title":"","categoria-page-cta1-text":"","categoria-page-cta1-button-text":"","categoria-page-cta1-button-link":"","categoria-page-cta2-title":"","categoria-page-cta2-text":"","categoria-page-cta2-button-text":"","categoria-page-cta2-button-link":"","contacto-name":"","contacto-address":"","contacto-tlf":"","contacto-fax":"","contacto-image":[],"contacto-lat":"","contacto-lng":"","contacto-map-zoom":"","contacto-map-lat":"","contacto-map-lng":"","contacto-form":"","faqs-taxonomy":[],"estetica-home-header-title":"","estetica-home-header-image":[],"estetica-home-intro-title":"","estetica-home-intro-text":"","estetica-home-cirugia-title":"","estetica-home-medicina-title":"","estetica-home-descubre-title":"","estetica-home-descubre-text":"","estetica-home-descubre-image":[],"estetica-home-descubre-background":[],"estetica-home-descubre-background-mobile":[],"estetica-home-cta1-title":"","estetica-home-cta1-text":"","estetica-home-cta1-button-text":"","estetica-home-cta1-button-link":"","estetica-home-cta1-image":[],"estetica-home-cta2-title":"","estetica-home-cta2-text":"","estetica-home-cta2-button-text":"","estetica-home-cta2-button-link":"","estetica-home-cta2-image":[],"estetica-home-posts-title":"","estetica-home-posts-button-text":"","estetica-home-faq-title":"","estetica-home-faqs":[],"estetica-home-faq-button-text":"","estetica-home-faq-button-link":"","stetik-iframe-url":"","interior-show-breadcrumb":"","interior-header-title":"","interior-header-image":[],"interior-blocks":[],"is-stetik-studio":"no","stetik-team-header-title":"","stetik-team-header-image":[],"stetik-team-intro-text":"","stetik-team-team-title":"","stetik-team-team-professional":[],"video-consulta-text":"","video-consulta-form":"","voz-experto-taxonomy":[],"landing-apnea-header-title":"","landing-apnea-header-subtitle":"","landing-apnea-header-image":[],"landing-apnea-header-pide-cita":"","landing-apnea-header-typeform":"","landing-apnea-blocks":[],"landing-apnea-intro-title":"","landing-apnea-intro-text":"","landing-apnea-highlight-items":[],"landing-apnea-blocks-2":[],"landing-apnea-testimonials-title":"","landing-apnea-testimonials-text":"","landing-apnea-testimonials-videos":[],"landing-apnea-hero-text":"","landing-apnea-faq-title":"","landing-apnea-faqs":[],"landing-apnea-prefooter-text":"","landing-apnea-prefooter-nota":"","redirect-page":"","shortcodeform-code":"","redirect-page-es":"","redirect-page-en":"","redirect-page-ca":"","login-page-need":"0","login-page":"","eh-cover-image":[],"eh-cover-image-mobile":[],"eh-cover-title":"","eh-cover-subtitle":"","eh-cover-text":"","eh-cover-btn1-text":"","eh-cover-btn1-page-id":"","eh-cover-btn2-text":"","eh-cover-btn2-video-files":[],"eh-specs-main-title":"","eh-specs":[],"eh-icons-reduced-section":"","eh-icons-1":[],"eh-patients-title":"","eh-patients":[],"eh-patients-nopic-title":"","eh-patients-nopic":[],"eh-video-title":"","eh-video":[],"eh-icons-2-reduced-section":"","eh-icons-2":[],"contact-zoom":"","contact-center":[],"contact-data-left-title":"","contact-data-left-content":"","contact-lat":"","contact-long":"","contact-bubble":"","contact-title-form":"","contact-text-form":"","contact-shortcode-form":"","contact-title-widget":"","contact-text-widget":"","contact-shortcode-widget":"","page-header":[],"page-header-text":"","page-header-english":"0","page-header-english-page-id":"","page-content-title":"","home-slides":[],"page-content-text-1":"","page-content-text-2":"","page-content-image-1":[],"page-content-video":"","page-content-text-3":"","page-content-image-2":[],"page-content-text-4":"","page-content-image-3":[],"page-excerpt-title":"","page-excerpt-text":"","page-related-enable":"0","related-content":[],"getcontent":[],"home-text-block":[],"home-blue-text":"","home-blue-image":[],"home-contact-form":[],"team-doctor-name":"","team-doctor-position":"","team-doctor-txt":"","team-doctor-btn":"","team-doctor-page":"","team-doctor-img":[],"team-img-fullwidth":[],"contact-link":"","contact-msg":"","contact-subject":"","contact-lat-2":"","contact-long-2":"","contact-bubble-2":"","contact-data":"","contact-tour-title":"","contact-tour-link":"","contact-tour-image":[],"contact-form":[],"faq-type":false,"item-row":[],"chatbot-code":"","lateral-reducedheader":"","lateral-content-type":"","lateral-title":"","lateral-intro":"","lateral-form":"","lateral-popup":"","lateral-popup-pages":[],"lateral-cta-text":"","lateral-cta-page":"","item-type":"","item-tax":false,"iframe-tuotempo":"","iframe-subs-es":"","iframe-subs-en":"","iframe-subs-ca":"","blog-default-image":[],"activity-events-date":"","activity-page-past":"","noticias-default-image":[]},"_links":{"self":[{"href":"https:\/\/content.www.institutomaxilofacial.com\/es\/wp-json\/wp\/v2\/pages\/14875","targetHints":{"allow":["GET"]}}],"collection":[{"href":"https:\/\/content.www.institutomaxilofacial.com\/es\/wp-json\/wp\/v2\/pages"}],"about":[{"href":"https:\/\/content.www.institutomaxilofacial.com\/es\/wp-json\/wp\/v2\/types\/page"}],"author":[{"embeddable":true,"href":"https:\/\/content.www.institutomaxilofacial.com\/es\/wp-json\/wp\/v2\/users\/1"}],"replies":[{"embeddable":true,"href":"https:\/\/content.www.institutomaxilofacial.com\/es\/wp-json\/wp\/v2\/comments?post=14875"}],"version-history":[{"count":1,"href":"https:\/\/content.www.institutomaxilofacial.com\/es\/wp-json\/wp\/v2\/pages\/14875\/revisions"}],"predecessor-version":[{"id":14876,"href":"https:\/\/content.www.institutomaxilofacial.com\/es\/wp-json\/wp\/v2\/pages\/14875\/revisions\/14876"}],"wp:attachment":[{"href":"https:\/\/content.www.institutomaxilofacial.com\/es\/wp-json\/wp\/v2\/media?parent=14875"}],"curies":[{"name":"wp","href":"https:\/\/api.w.org\/{rel}","templated":true}]}}